{"id":141,"date":"2018-08-28T14:27:58","date_gmt":"2018-08-28T12:27:58","guid":{"rendered":"https:\/\/www.pediatrics.cz\/clenstvi-2\/ceny-cps\/"},"modified":"2026-03-05T14:18:24","modified_gmt":"2026-03-05T13:18:24","slug":"ceny-cps","status":"publish","type":"page","link":"https:\/\/www.pediatrics.cz\/clenstvi\/ceny-cps\/","title":{"rendered":"Ceny \u010cPS"},"content":{"rendered":"\n<h6 class=\"block-heading\">p\u0159i \u010cesk\u00e9 l\u00e9ka\u0159sk\u00e9 spole\u010dnosti Jana Evangelisty Purkyn\u011b,<br>o kter\u00e9 se mohou uch\u00e1zet \u010dlenov\u00e9 \u010cPS, n\u011bkter\u00e9 mohou b\u00fdt ud\u011bleny i ne\u010dlen\u016fm<\/h6>\n\n\n\n<div style=\"height:30px\" aria-hidden=\"true\" class=\"block-spacer\"><\/div>\n\n\n\n<h3 class=\"block-heading\">Brdl\u00edkova cena<\/h3>\n\n\n\n<p class=\"wp-block-paragraph\">Je nejv\u00fdznamn\u011bj\u0161\u00edm ocen\u011bn\u00edm \u010cesk\u00e9 pediatrick\u00e9 spole\u010dnosti a je ud\u011blov\u00e1na \u010dlen\u016fm na\u0161\u00ed spole\u010dnosti za celo\u017eivotn\u00ed z\u00e1sluhy v oblasti p\u00e9\u010de o d\u011bti a dorost v na\u0161\u00ed zemi, ale i v zahrani\u010d\u00ed.<br>Cena je pravideln\u011b ud\u011blov\u00e1na p\u0159i p\u0159\u00edle\u017eitosti kongresu \u010cPS. Dosud cenu obdr\u017eeli:<\/p>\n\n\n\n<p class=\"wp-block-paragraph\"><strong>2014\u00a0<\/strong>\u2013 prof. MUDr.\u00a0<strong>Milan \u0160am\u00e1nek<\/strong>, DrSc.<br><strong>2016\u00a0<\/strong>\u2013 doc. MUDr.\u00a0<strong>V\u011bra V\u00e1vrov\u00e1<\/strong>, DrSc.<br><strong>2018<\/strong> \u2013 prof. MUDr. <strong>Vladim\u00edr Mlh\u00e1l<\/strong>, CSc.<br><strong>2019<\/strong> \u2013 prof. MUDr. <strong>Hana Hrstkov\u00e1<\/strong>, CSc.<br>(2020\u00a0\u2013 sjezd se nekonal kv\u016fli covidov\u00e9 pandemii)<br><strong>2021\u00a0<\/strong>\u2013 prof. MUDr.\u00a0<strong>Jan Janda<\/strong>, CSc.<br><strong>2022\u00a0<\/strong>\u2013 doc. MUDr.\u00a0<strong>Josef Hoza<\/strong>, CSc.<br><strong>2023<\/strong> \u2013 doc. MUDr. <strong>Hana Hou\u0161\u0165kov\u00e1<\/strong>, CSc.<br><strong>2024<\/strong> \u2013 prim. MUDr. <strong>Ji\u0159\u00ed Biolek<\/strong><br><strong>2025<\/strong> &#8211; prof. MUDr. Ji\u0159\u00ed <strong>Nevoral<\/strong>, DrSc.<\/p>\n\n\n\n<div style=\"height:30px\" aria-hidden=\"true\" class=\"block-spacer\"><\/div>\n\n\n\n<h3 class=\"block-heading\">Cena \u010cesk\u00e9 pediatrick\u00e9 spole\u010dnosti za v\u011bdeckou \u010dinnost a publi\u00adka\u010dn\u00ed aktivitu mlad\u00fdch pediatr\u016f<\/h3>\n\n\n\n<p class=\"wp-block-paragraph\"><strong>Detailn\u00ed informace o cen\u011b najdete&nbsp;<a rel=\"noreferrer noopener\" href=\"https:\/\/www.pediatrics.cz\/content\/uploads\/2024\/01\/cena-za-nejlepsi-publikaci.pdf\" data-type=\"URL\" data-id=\"https:\/\/www.pediatrics.cz\/content\/uploads\/2024\/01\/cena-za-nejlepsi-publikaci.pdf\" target=\"_blank\">zde<\/a><\/strong>.<br>Dosud cenu obdr\u017eeli:<\/p>\n\n\n\n<p class=\"wp-block-paragraph\"><strong>2010\u00a0<\/strong>\u2013 MUDr.\u00a0<strong>Filip Fencl<\/strong>, Ph.D. (Pediatrick\u00e1 klinika v Motole)<br><strong>2012\u00a0<\/strong>\u2013 MUDr.\u00a0<strong>Martin Magner<\/strong>, Ph.D. (Klinika d\u011bt\u00ed a dorostu 1. LF a VFN Praha)<br><strong>2014\u00a0<\/strong>\u2013 MUDr.\u00a0<strong>Michal Malina<\/strong>, Ph.D. (Pediatrick\u00e1 klinika v Motole)<br><strong>2016<\/strong>\u00a0\u2013 MUDr.\u00a0<strong>Kl\u00e1ra Ro\u017eenkov\u00e1<\/strong>, Ph.D., MUDr.\u00a0<strong>Ond\u0159ej Sou\u010dek<\/strong>, Ph.D. (oba Pediatrick\u00e1 klinika v Motole)<br><strong>2018<\/strong> \u2013 MUDr. <strong>Hana Kol\u00e1\u0159ov\u00e1<\/strong>, Ph.D. (Klinika d\u011btsk\u00e9ho a dorostov\u00e9ho l\u00e9ka\u0159stv\u00ed 1. LF UK a VFN Praha)<br><strong>2019<\/strong> \u2013 MUDr. <strong>V\u00e1clav Kouck\u00fd<\/strong>, PhD. (Pediatrick\u00e1 klinika v Motole)<br>(2020\u00a0\u2013 sjezd se nekonal kv\u016fli covidov\u00e9 pandemii)<br><strong>2021<\/strong>\u00a0\u2013 MUDr. <strong>\u0160\u00e1rka Fingerhutov\u00e1<\/strong>, MUDr. <strong>V\u00e1clav Kouck\u00fd<\/strong>, Ph.D., MUDr. <strong>Luk\u00e1\u0161 Plach\u00fd<\/strong>, MUDr. <strong>V\u00edt Neuman<\/strong><br><strong>2022<\/strong> \u2013 MUDr. <strong>Luk\u00e1\u0161 Plach\u00fd<\/strong> (Pediatrick\u00e1 klinika v\u00a0Motole)<br><strong>2023<\/strong> \u2013 MUDr.<strong>Eva F\u00fcrstov\u00e1<\/strong> (Pediatrick\u00e1 klinika v\u00a0Motole)<br><strong>2024<\/strong> \u2013 MUDr. <strong>Shenali Amaratunga<\/strong> (Pediatrick\u00e1 klinika v Motole)<br><strong>2025<\/strong> \u2013 MUDr. Shenali <strong>Amaratunga<\/strong> (Pediatrick\u00e1 klinika v Motole)<\/p>\n\n\n\n<div style=\"height:30px\" aria-hidden=\"true\" class=\"block-spacer\"><\/div>\n\n\n\n<h4 class=\"block-heading\"><em>DAL\u0160\u00cd OCEN\u011aN\u00cd:<\/em><\/h4>\n\n\n\n<div style=\"height:15px\" aria-hidden=\"true\" class=\"block-spacer\"><\/div>\n\n\n\n<h3 class=\"block-heading\">\u010cestn\u00e9 \u010dlenstv\u00ed ud\u011blovan\u00e9 \u010ceskou pediatrickou spole\u010dnost\u00ed p\u0159i \u010cLS JEP<\/h3>\n\n\n\n<p class=\"wp-block-paragraph\">se ud\u011bluje na n\u00e1vrh v\u00fdboru \u010cPS (event. dal\u0161\u00edch na\u0161ich \u010dlen\u016f) na\u0161im \u010dlen\u016fm, ale i dal\u0161\u00edm koleg\u016fm u n\u00e1s i v zahrani\u010d\u00ed. V \u00favahu bere z\u00e1sluhy navrhovan\u00e9ho o podporu \u010cPS a oboru pediatrie, u zahrani\u010dn\u00edch l\u00e9ka\u0159\u016f pak oce\u0148uje jejich p\u0159\u00ednos pro \u010deskou pediatrii.<\/p>\n\n\n\n<div style=\"height:30px\" aria-hidden=\"true\" class=\"block-spacer\"><\/div>\n\n\n\n<h3 class=\"block-heading\">\u010cestn\u00e9 \u010dlenstv\u00ed ud\u011blovan\u00e9 \u010ceskou l\u00e9ka\u0159skou spole\u010dnosti JEP<\/h3>\n\n\n\n<p class=\"wp-block-paragraph\">ud\u011bluje prezidium \u010cLS na n\u00e1vrh organiza\u010dn\u00edch slo\u017eek, tedy i \u010cPS, v\u011bt\u0161inou \u010dlen\u016fm na\u0161\u00ed spole\u010dnosti za dlouholet\u00e9 z\u00e1sluhy p\u0159i pr\u00e1ci v organiza\u010dn\u00ed slo\u017ece nebo st\u0159echov\u00e9 \u010cLS JEP<\/p>\n\n\n\n<div style=\"height:30px\" aria-hidden=\"true\" class=\"block-spacer\"><\/div>\n\n\n\n<h3 class=\"block-heading\">\u010cestn\u00e9 medaile \u010cesk\u00e9 l\u00e9ka\u0159sk\u00e9 spole\u010dnosti Jana Evangelisty Pur\u00adkyn\u011b<\/h3>\n\n\n\n<p class=\"wp-block-paragraph\">ud\u011bluj\u00ed se na n\u00e1vrh v\u00fdboru \u010cPS na\u0161im \u010dlen\u016f, ale i zahrani\u010dn\u00edm l\u00e9ka\u0159\u016fm.<br>Existuje st\u0159\u00edbrn\u00e1 a zlat\u00e1 medaile.<\/p>\n\n\n\n<div style=\"height:30px\" aria-hidden=\"true\" class=\"block-spacer\"><\/div>\n\n\n\n<h3 class=\"block-heading\">Cena Jana Evangelisty Purkyn\u011b<\/h3>\n\n\n\n<p class=\"wp-block-paragraph\">Je nejvy\u0161\u0161\u00ed poctou v r\u00e1mci \u010cLS JEP, ud\u011bluje se \u010dlen\u016fm v\u0161ech organiza\u010dn\u00edch slo\u017eek a spolk\u016f l\u00e9ka\u0159\u016f, m\u016f\u017ee b\u00fdt na ni navr\u017een i \u010dlen na\u0161\u00ed spole\u010dnosti. Je nejvy\u0161\u0161\u00edm uzn\u00e1n\u00edm za mimo\u0159\u00e1dn\u00e9 z\u00e1sluhy o rozvoj oboru a za celo\u017eivotn\u00ed v\u011bdeckou tvorbu. P\u0159ed\u00e1v\u00e1 se ka\u017ed\u00fdm rokem tradi\u010dn\u011b na z\u00e1mku v Libochovic\u00edch. Z&nbsp;pediatr\u016f ji dosud z\u00edskali prof. Hou\u0161t\u011bk, prof. \u0160vejcar, prof. \u0160am\u00e1nek, prof. \u0160pi\u010d\u00e1k a d\u011btsk\u00fd kardiochirurg prof. Hu\u010d\u00edn.<\/p>\n\n\n\n<h4 class=\"block-heading\"><a rel=\"noreferrer noopener\" href=\"https:\/\/www.pediatrics.cz\/content\/uploads\/2021\/04\/ceny_cps_finalni.pdf\" target=\"_blank\">Ud\u011blov\u00e1no Ceny za nejlep\u0161\u00ed publikaci v oboru pediatrie pro autora mlad\u0161\u00edho 35 let<\/a><\/h4>\n","protected":false},"excerpt":{"rendered":"<p>p\u0159i \u010cesk\u00e9 l\u00e9ka\u0159sk\u00e9 spole\u010dnosti Jana Evangelisty Purkyn\u011b,o kter\u00e9 se mohou uch\u00e1zet \u010dlenov\u00e9 \u010cPS, n\u011bkter\u00e9 mohou b\u00fdt ud\u011bleny i [&hellip;]<\/p>\n","protected":false},"author":2,"featured_media":0,"parent":134,"menu_order":120,"comment_status":"closed","ping_status":"closed","template":"","meta":{"_acf_changed":false,"kia_subtitle":"","footnotes":""},"class_list":["post-141","page","type-page","status-publish","hentry"],"acf":[],"lang":"cs","translations":{"cs":141},"pll_sync_post":[],"_links":{"self":[{"href":"https:\/\/www.pediatrics.cz\/api\/wp\/v2\/pages\/141","targetHints":{"allow":["GET"]}}],"collection":[{"href":"https:\/\/www.pediatrics.cz\/api\/wp\/v2\/pages"}],"about":[{"href":"https:\/\/www.pediatrics.cz\/api\/wp\/v2\/types\/page"}],"author":[{"embeddable":true,"href":"https:\/\/www.pediatrics.cz\/api\/wp\/v2\/users\/2"}],"replies":[{"embeddable":true,"href":"https:\/\/www.pediatrics.cz\/api\/wp\/v2\/comments?post=141"}],"version-history":[{"count":11,"href":"https:\/\/www.pediatrics.cz\/api\/wp\/v2\/pages\/141\/revisions"}],"predecessor-version":[{"id":6547,"href":"https:\/\/www.pediatrics.cz\/api\/wp\/v2\/pages\/141\/revisions\/6547"}],"up":[{"embeddable":true,"href":"https:\/\/www.pediatrics.cz\/api\/wp\/v2\/pages\/134"}],"wp:attachment":[{"href":"https:\/\/www.pediatrics.cz\/api\/wp\/v2\/media?parent=141"}],"curies":[{"name":"wp","href":"https:\/\/api.w.org\/{rel}","templated":true}]}}