{"id":164,"date":"2018-08-28T15:06:17","date_gmt":"2018-08-28T13:06:17","guid":{"rendered":"https:\/\/www.pediatrics.cz\/sekce\/sekce-endokrinologie\/"},"modified":"2025-05-27T12:21:39","modified_gmt":"2025-05-27T10:21:39","slug":"sekce-endokrinologie","status":"publish","type":"page","link":"https:\/\/www.pediatrics.cz\/sekce-a-pracovni-skupiny\/sekce-endokrinologie\/","title":{"rendered":"Sekce d\u011btsk\u00e9 endokrinologie (35010)"},"content":{"rendered":"\n<p class=\"wp-block-paragraph\">V\u00e1\u017een\u00ed \u010dlenov\u00e9 sekce d\u011btsk\u00e9 endokrinologie \u010cPS \u010cLS JEP,<br>V\u00fdbor \u010cesk\u00e9 pediatrick\u00e9 spole\u010dnosti rozhodl na sv\u00e9m jedn\u00e1n\u00ed dne 20.3. 2025 o kon\u00e1n\u00ed voleb do v\u00fdboru Sekce d\u011btsk\u00e9 endokrinologie \u010cPS.<\/p>\n\n\n\n<p class=\"wp-block-paragraph\">Volby se uskute\u010dn\u00ed elektronickou formou v&nbsp;term\u00ednu od <strong>14.5. 2025 do 20.5. 2025<\/strong>.<\/p>\n\n\n\n<p class=\"wp-block-paragraph\">Vol\u00ed se 3 \u010dlenn\u00fd v\u00fdbor sekce.<\/p>\n\n\n\n<p class=\"wp-block-paragraph\">Pros\u00edme \u010dleny sekce, aby provedli kontrolu sv\u00e9 e-mailov\u00e9 adresy p\u0159ihl\u00e1\u0161en\u00edm se do \u010dlensk\u00e9ho profilu nebo vznesen\u00edm dotazu na Centr\u00e1ln\u00ed evidenci \u010dlen\u016f \u010cLS JEP. Je-li pot\u0159ebn\u00e9 prov\u00e9st opravu e-mailov\u00e9 adresy, sd\u011bl\u00ed toto \u010dlen na adresu: <a href=\"mailto:cle@cls.cz\">cle@cls.cz<\/a> Centr\u00e1ln\u00ed evidenci \u010dlen\u016f \u010cLS JEP, kter\u00e1 opravu provede.<\/p>\n\n\n\n<p class=\"wp-block-paragraph\">Toto ozn\u00e1men\u00ed je pot\u0159eba prov\u00e9st nejpozd\u011bji do <strong>9.5.2025.<\/strong><\/p>\n\n\n\n<p class=\"wp-block-paragraph\">M\u011bjte pros\u00edm na v\u011bdom\u00ed, \u017ee navr\u017een\u00fd kandid\u00e1t mus\u00ed b\u00fdt \u0159\u00e1dn\u00fdm \u010dlenem \u010cesk\u00e9 pediatrick\u00e9 spole\u010dnosti a z\u00e1rove\u0148 \u010dlenem sekce d\u011btsk\u00e9 endokrinologie \u010cPS \u010cLS JEP a mus\u00ed s kandidaturou do p\u0159\u00edslu\u0161n\u00e9ho org\u00e1nu souhlasit.<\/p>\n\n\n\n<p class=\"wp-block-paragraph\">Pokud navr\u017een\u00fd kandid\u00e1t nesd\u011bl\u00ed do <strong>9.5.2025<\/strong> nesouhlas se svoj\u00ed kandidaturou na email p\u0159edsedovi volebn\u00ed komise (<a href=\"mailto:tomas.kuhn@fno.cz\">tomas.kuhn@fno.cz<\/a>), m\u00e1 se za to, \u017ee s kandidaturou souhlas\u00ed.<\/p>\n\n\n\n<p class=\"wp-block-paragraph\">Podrobn\u00e9 informace k&nbsp;volb\u00e1m naleznete v&nbsp;p\u0159\u00edloze tohoto emailu a na str\u00e1nk\u00e1ch \u010cesk\u00e9 pediatrick\u00e9 spole\u010dnosti <a href=\"http:\/\/www.pediatrics.cz\">www.pediatrics.cz<\/a> v Sekci d\u011btsk\u00e9 endokrinologie \u010cPS.<\/p>\n\n\n\n<p class=\"wp-block-paragraph\">Za volebn\u00ed komisi,<\/p>\n\n\n\n<p class=\"wp-block-paragraph\">S&nbsp;p\u0159\u00e1telsk\u00fdm pozdravem,<\/p>\n\n\n\n<p class=\"wp-block-paragraph\">MUDr. Mgr. Tom\u00e1\u0161 Kuhn<br>P\u0159edseda volebn\u00ed komise<br>Klinika d\u011btsk\u00e9ho l\u00e9ka\u0159stv\u00ed<br>FN Ostrava<br>17. listopadu 1790<br>Ostrava-Poruba<br>708 52<br>Tel: 597 373 631 nebo 632<br>Email:&nbsp; <a href=\"mailto:tomas.kuhn@fno.cz\">tomas.kuhn@fno.cz<\/a><\/p>\n\n\n\n<p class=\"wp-block-paragraph\"><a href=\"https:\/\/www.pediatrics.cz\/content\/uploads\/2025\/05\/volby_endokrinologie_2025.pdf\" target=\"_blank\" rel=\"noreferrer noopener\">Vyhl\u00e1\u0161en\u00ed voleb do sekce d\u011btsk\u00e9 endokrinologie<\/a><br><a href=\"https:\/\/www.pediatrics.cz\/content\/uploads\/2025\/05\/2025_05_26-vysledky-voleb-do-vyboru-sekce-detske-endokrinologie-cps-cls-jep.pdf\" target=\"_blank\" rel=\"noreferrer noopener\">V\u00fdsledky voleb do sekce d\u011btsk\u00e9 endokrinologie<\/a><br><a href=\"https:\/\/www.pediatrics.cz\/content\/uploads\/2025\/05\/2025_05_26-zapis-volebni-komise-volby-vyboru-sekce-detske-endokrinologie-cps.pdf\" target=\"_blank\" rel=\"noreferrer noopener\">Z\u00e1pis volebn\u00ed komise<\/a><\/p>\n\n\n\n<p class=\"wp-block-paragraph\"><br><\/p>\n\n\n\n<p class=\"wp-block-paragraph\"><strong>Kontakt:<\/strong> <br>prof. MUDr. Jan Lebl, CSc.<br>email: <a href=\"mailto:jan.lebl@lfmotol.cuni.cz\" target=\"_blank\" rel=\"noreferrer noopener\">jan.lebl@lfmotol.cuni.cz<\/a><\/p>\n\n\n\n<p class=\"wp-block-paragraph\">Dny d\u011btsk\u00e9 endokrinologie \u2013 odborn\u00e9 setk\u00e1n\u00ed d\u011btsk\u00fdch endokrinolog\u016f a dal\u0161\u00edch z\u00e1jemc\u016f \u2013 se konaj\u00ed zpra\u00advidla po\u010d\u00e1tkem ka\u017ed\u00e9ho roku. Od roku 2001 jsou ka\u017ed\u00fd lich\u00fd rok hlavn\u00edm t\u00e9matem kazuistiky z d\u011btsk\u00e9 endokrinologie, kter\u00e9 si p\u0159ipravuj\u00ed v\u0161ichni \u00fa\u010dastn\u00edci ze sv\u00e9 vlastn\u00ed praxe. V sud\u00fdch letech je program za\u00adm\u011b\u0159en na souborn\u00e1 sd\u011blen\u00ed o novink\u00e1ch v d\u011btsk\u00e9 endokrinologii.<\/p>\n\n\n\n<p class=\"wp-block-paragraph\">Pokud m\u00e1te z\u00e1jem prohl\u00e9dnout si abstrakta z jednotliv\u00fdch setk\u00e1n\u00ed, klikn\u011bte pros\u00edm na p\u0159\u00edslu\u0161n\u00fd rok.<\/p>\n\n\n\n<p class=\"wp-block-paragraph\">1999 Kristin Hr\u00e1dek (po\u0159adatel J. \u0160kvor)<br><a href=\"https:\/\/www.pediatrics.cz\/content\/uploads\/2018\/08\/dny-detske-endokrinologie-abstrakta-2001.pdf\" rel=\"noreferrer noopener\" target=\"_blank\">2001<\/a>&nbsp;Brno (po\u0159adatel D. Novotn\u00e1)<br><a href=\"https:\/\/www.pediatrics.cz\/content\/uploads\/2018\/08\/dny-detske-endokrinologie-abstrakta-2002.pdf\" rel=\"noreferrer noopener\" target=\"_blank\">2002<\/a>&nbsp;Praha (po\u0159adatel J. Lebl)<br><a href=\"https:\/\/www.pediatrics.cz\/content\/uploads\/2018\/08\/dny-detske-endokrinologie-abstrakta-2003.pdf\" rel=\"noreferrer noopener\" target=\"_blank\">2003<\/a>&nbsp;Olomouc (po\u0159adatel J. Zapletalov\u00e1)<br><a href=\"https:\/\/www.pediatrics.cz\/content\/uploads\/2018\/08\/dny-detske-endokrinologie-abstrakta-2004.pdf\" rel=\"noreferrer noopener\" target=\"_blank\">2004<\/a>&nbsp;Jind\u0159ich\u016fv Hradec (po\u0159adatel E. Nov\u00e1kov\u00e1)<br><a href=\"https:\/\/www.pediatrics.cz\/content\/uploads\/2018\/08\/dny-detske-endokrinologie-abstrakta-2005.pdf\" rel=\"noreferrer noopener\" target=\"_blank\">2005<\/a>&nbsp;Hradec Kr\u00e1lov\u00e9 (po\u0159adatel D. Neumann)<br><a href=\"http:\/\/files.pediatrics.webnode.cz\/200000162-1a0591b015\/dny-detske-endokrinologie-abstrakta-2006.pdf\" rel=\"noreferrer noopener\" target=\"_blank\">2006<\/a>&nbsp;Chodov\u00e1 Plan\u00e1 (po\u0159adatel R. Pomaha\u010dov\u00e1)<br><a href=\"https:\/\/www.pediatrics.cz\/content\/uploads\/2018\/08\/dny-detske-endokrinologie-abstrakta-2007.pdf\" rel=\"noreferrer noopener\" target=\"_blank\">2007<\/a>&nbsp;Ostrava (po\u0159adatel V. Jan\u0161tov\u00e1)<br><a href=\"https:\/\/www.pediatrics.cz\/content\/uploads\/2018\/08\/dny-detske-endokrinologie-abstrakta-2008.pdf\" rel=\"noreferrer noopener\" target=\"_blank\">2008<\/a>&nbsp;Brno (D. Novotn\u00e1, O. Magnov\u00e1)<br><a href=\"https:\/\/www.pediatrics.cz\/content\/uploads\/2018\/08\/dny-detske-endokrinologie-abstrakta-2009.pdf\" rel=\"noreferrer noopener\" target=\"_blank\">2009<\/a>&nbsp;Hradec Kr\u00e1lov\u00e9 (po\u0159adatel\u00e9 D. Neumann, I. Pl\u00e1\u0161ilov\u00e1)<br>2010 Louny (po\u0159adatel J. \u0160kvor)<br><a href=\"https:\/\/www.pediatrics.cz\/content\/uploads\/2018\/08\/dny-detske-endokrinologie-abstrakta-2011.pdf\" rel=\"noreferrer noopener\" target=\"_blank\">2011<\/a>&nbsp;Olomouc (po\u0159adatelka J. Zapletalov\u00e1)<br>2012 Brno (po\u0159adatelky O.Magnov\u00e1, D.Novotn\u00e1)<br><a href=\"https:\/\/www.pediatrics.cz\/content\/uploads\/2018\/08\/dny-detske-endokrinologie-abstrakta-2013.pdf\" rel=\"noreferrer noopener\" target=\"_blank\">2013<\/a>&nbsp;Mlad\u00e1 Boleslav<\/p>\n\n\n\n<p class=\"wp-block-paragraph\">Pokud m\u00e1te z\u00e1jem o za\u0159azen\u00ed do adres\u00e1\u0159e Pracovn\u00ed skupiny d\u011btsk\u00e9 endokrinologie, po\u0161lete o tom pros\u00edm zpr\u00e1vu na&nbsp;<a href=\"mailto:jan.lebl@lfmotol.cuni.cz\" target=\"_blank\" rel=\"noreferrer noopener\">jan.lebl@lfmotol.cuni.cz<\/a>. Budeme V\u00e1m zas\u00edlat informace o kon\u00e1n\u00ed Dn\u016f d\u011btsk\u00e9 endokrinologie a dal\u0161\u00edch v\u00fdznamn\u00fdch odborn\u00fdch akc\u00ed.<\/p>\n","protected":false},"excerpt":{"rendered":"<p>V\u00e1\u017een\u00ed \u010dlenov\u00e9 sekce d\u011btsk\u00e9 endokrinologie \u010cPS \u010cLS JEP,V\u00fdbor \u010cesk\u00e9 pediatrick\u00e9 spole\u010dnosti rozhodl na sv\u00e9m jedn\u00e1n\u00ed dne 20.3. 2025 [&hellip;]<\/p>\n","protected":false},"author":2,"featured_media":0,"parent":6,"menu_order":89,"comment_status":"closed","ping_status":"closed","template":"","meta":{"_acf_changed":false,"kia_subtitle":"","footnotes":""},"class_list":["post-164","page","type-page","status-publish","hentry"],"acf":[],"lang":"cs","translations":{"cs":164,"en":662},"pll_sync_post":[],"_links":{"self":[{"href":"https:\/\/www.pediatrics.cz\/api\/wp\/v2\/pages\/164","targetHints":{"allow":["GET"]}}],"collection":[{"href":"https:\/\/www.pediatrics.cz\/api\/wp\/v2\/pages"}],"about":[{"href":"https:\/\/www.pediatrics.cz\/api\/wp\/v2\/types\/page"}],"author":[{"embeddable":true,"href":"https:\/\/www.pediatrics.cz\/api\/wp\/v2\/users\/2"}],"replies":[{"embeddable":true,"href":"https:\/\/www.pediatrics.cz\/api\/wp\/v2\/comments?post=164"}],"version-history":[{"count":6,"href":"https:\/\/www.pediatrics.cz\/api\/wp\/v2\/pages\/164\/revisions"}],"predecessor-version":[{"id":6107,"href":"https:\/\/www.pediatrics.cz\/api\/wp\/v2\/pages\/164\/revisions\/6107"}],"up":[{"embeddable":true,"href":"https:\/\/www.pediatrics.cz\/api\/wp\/v2\/pages\/6"}],"wp:attachment":[{"href":"https:\/\/www.pediatrics.cz\/api\/wp\/v2\/media?parent=164"}],"curies":[{"name":"wp","href":"https:\/\/api.w.org\/{rel}","templated":true}]}}