{"id":2033,"date":"2021-02-03T19:58:17","date_gmt":"2021-02-03T18:58:17","guid":{"rendered":"https:\/\/www.pediatrics.cz\/?page_id=2033"},"modified":"2021-05-28T19:27:29","modified_gmt":"2021-05-28T17:27:29","slug":"pediatricke-kazuistiky-online","status":"publish","type":"page","link":"https:\/\/www.pediatrics.cz\/pediatricke-kazuistiky-online\/","title":{"rendered":"Pediatrick\u00e9 kazuistiky online"},"content":{"rendered":"\n<h2 class=\"block-heading\">Pediatrick\u00e9 kazuistiky online <strong>27. 5. 2021<\/strong><\/h2>\n\n\n\n<figure style=\"aspect-ratio: 1\/0.5625\" class=\"block-video video-container\"><video height=\"1440\" style=\"aspect-ratio: 2560 \/ 1440;\" width=\"2560\" controls preload=\"none\" src=\"https:\/\/www.pediatrics.cz\/content\/uploads\/1622\/22\/pediatricke-kazuistiky-online-27.-5.-2021.mp4\"><\/video><\/figure>\n\n\n\n<p class=\"wp-block-paragraph\"><strong>Program webin\u00e1\u0159e:<\/strong><\/p>\n\n\n\n<ul class=\"block-list\"><li><strong>MUDr. Jakub Jon\u00e1\u0161, Ph.D: \u201eAsi dva dny k\u0159e\u010de\u201c<\/strong><em>&nbsp;(KARIM FNM Praha)<\/em><\/li><li><strong> MUDr. Veronika Dvo\u0159\u00e1kov\u00e1: Neobvykl\u00e1 p\u0159\u00ed\u010dina odm\u00edt\u00e1n\u00ed p\u0159\u00edkrm\u016f u kojence<\/strong><em>&nbsp;(Klinika pediatrie a d\u011bdi\u010dn\u00fdch poruch metabolismu VFN Praha)<\/em><\/li><li><strong> MUDr. Alexandra Lipt\u00e1kov\u00e1: P\u0159ekvapiv\u00e1 diagn\u00f3za<\/strong><em>&nbsp;(Pediatrick\u00e1 klinika FNM Praha)<\/em><\/li><\/ul>\n\n\n\n<hr class=\"block-separator\"\/>\n\n\n\n<h2 class=\"block-heading\">Pediatrick\u00e9 kazuistiky online <strong>20. 5. 2021<\/strong><\/h2>\n\n\n\n<figure style=\"aspect-ratio: 1\/0.5625\" class=\"block-video video-container\"><video height=\"1440\" style=\"aspect-ratio: 2560 \/ 1440;\" width=\"2560\" controls preload=\"none\" src=\"https:\/\/www.pediatrics.cz\/content\/uploads\/1621\/79\/pediatricke-kazuistiky-online-20.-5.-2021.mp4\"><\/video><\/figure>\n\n\n\n<p class=\"wp-block-paragraph\"><strong>Program webin\u00e1\u0159e:<\/strong><\/p>\n\n\n\n<ul class=\"block-list\"><li><strong>MUDr. Radka Z\u00e1vodn\u00e1: HLH asociovan\u00e1 s covid-19 u 3m\u011bs\u00ed\u010dn\u00edho kojence<\/strong><em>&nbsp;(Klinika d\u011btsk\u00e9 hematologie a onkologie FNM Praha)<\/em><\/li><li><strong>MUDr. Jana Tu\u010dkov\u00e1: Perikardi\u00e1ln\u00ed v\u00fdpotky<\/strong><em>&nbsp;(Pediatrick\u00e1 klinika FN Brno)<\/em><\/li><li><strong>MUDr. Tereza Ochotn\u00e1: Dlouh\u00e1 cesta k diagn\u00f3ze<\/strong><em>&nbsp;(D\u011btsk\u00e1 psychiatrick\u00e1 klinika FNM Praha)<\/em><\/li><\/ul>\n\n\n\n<hr class=\"block-separator\"\/>\n\n\n\n<h2 class=\"block-heading\">Pediatrick\u00e9 kazuistiky online <strong>13. 5. 2021<\/strong><\/h2>\n\n\n\n<figure style=\"aspect-ratio: 1\/0.5625\" class=\"block-video video-container\"><video height=\"1440\" style=\"aspect-ratio: 2560 \/ 1440;\" width=\"2560\" controls preload=\"none\" src=\"https:\/\/www.pediatrics.cz\/content\/uploads\/1621\/61\/pediatricke-kazuistiky-online-13.5.2021.mp4\"><\/video><\/figure>\n\n\n\n<p class=\"wp-block-paragraph\"><strong>Program webin\u00e1\u0159e:<\/strong><\/p>\n\n\n\n<ul class=\"block-list\"><li><strong>MUDr. Simona Z\u00edmov\u00e1: Kongenit\u00e1ln\u00ed hepatoblastom<\/strong><em>&nbsp;(Klinika d\u011btsk\u00e9 hematologie a onkologie FNM Praha)<\/em><\/li><li><strong>MUDr. Tom\u00e1\u0161 Jimramovsk\u00fd: Jak je d\u016fle\u017eit\u00e9 m\u00edti anamn\u00e9zu !<\/strong><em>&nbsp;(Pediatrick\u00e1 klinika FN Brno)<\/em><\/li><li><strong>MUDr. Karol\u00edna \u0160pi\u010d\u00e1kov\u00e1: Nezapom\u00ednejme na meningokoka<\/strong><em>&nbsp;(Pediatrick\u00e1 klinika FNM Praha)<\/em><\/li><\/ul>\n\n\n\n<hr class=\"block-separator\"\/>\n\n\n\n<h2 class=\"block-heading\">Pediatrick\u00e9 kazuistiky online <strong>6. 5. 2021<\/strong><\/h2>\n\n\n\n<figure style=\"aspect-ratio: 1\/0.5625\" class=\"block-video video-container\"><video height=\"1440\" style=\"aspect-ratio: 2560 \/ 1440;\" width=\"2560\" controls preload=\"none\" src=\"https:\/\/www.pediatrics.cz\/content\/uploads\/1620\/69\/pediatricke-kazuistiky-online-6.5.2021.mp4\"><\/video><\/figure>\n\n\n\n<p class=\"wp-block-paragraph\"><strong>Program webin\u00e1\u0159e:<\/strong><\/p>\n\n\n\n<ul class=\"block-list\"><li><strong>MUDr. \u0160\u00e1rka Nov\u00e1\u010dkov\u00e1: Vrozen\u00e1 TTP<\/strong><em>&nbsp;(Klinika d\u011btsk\u00e9 hematologie a onkologie FNM Praha)<\/em><\/li><li><strong>MUDr. Jitka Bure\u0161ov\u00e1: 103 dny \u2013 respira\u010dn\u00ed selh\u00e1n\u00ed<\/strong><em>&nbsp;(Klinika pediatrie a d\u011bdi\u010dn\u00fdch poruch metabolismu VFN Praha)<\/em><\/li><li><strong>MUDr. Eva F\u00fcrstov\u00e1: Synkopy u d\u00edvky s kongenit\u00e1ln\u00ed br\u00e1ni\u010dn\u00ed herni\u00ed<\/strong><em>&nbsp;(Pediatrick\u00e1 klinika FNM Praha)<\/em><\/li><\/ul>\n\n\n\n<hr class=\"block-separator\"\/>\n\n\n\n<h2 class=\"block-heading\">Pediatrick\u00e9 kazuistiky online <strong>29. 4. 2021<\/strong><\/h2>\n\n\n\n<figure style=\"aspect-ratio: 1\/0.5625\" class=\"block-video video-container\"><video height=\"1440\" style=\"aspect-ratio: 2560 \/ 1440;\" width=\"2560\" controls preload=\"none\" src=\"https:\/\/www.pediatrics.cz\/content\/uploads\/1620\/39\/pediatricke-kazuistiky-online-29.4.2021.mp4\"><\/video><\/figure>\n\n\n\n<p class=\"wp-block-paragraph\"><strong>Program webin\u00e1\u0159e:<\/strong><\/p>\n\n\n\n<ul class=\"block-list\"><li><strong>MUDr. Miroslava Bure\u0161ov\u00e1: M\u00e9n\u011b obvykl\u00e1 p\u0159\u00ed\u010dina stridoru<\/strong><em>&nbsp;(Pediatrick\u00e1 klinika FN Brno)<\/em><\/li><li><strong>MUDr. Jakub \u0160\u00edpek: Neobvykl\u00e1 p\u0159\u00ed\u010dina b\u0159i\u0161n\u00ed bolesti<\/strong><em>&nbsp;(Klinika d\u011btsk\u00e9 hematologie a onkologie FNM Praha)<\/em><\/li><li><strong>MUDr. Michal Kub\u00e1t: Neodkladn\u00e1 pl\u00e1novan\u00e1 hospitalizace<\/strong><em>&nbsp;(Pediatrick\u00e1 klinika FNM Praha)<\/em><\/li><\/ul>\n\n\n\n<hr class=\"block-separator\"\/>\n\n\n\n<h2 class=\"block-heading\">Pediatrick\u00e9 kazuistiky online <strong>22. 4. 2021<\/strong><\/h2>\n\n\n\n<figure style=\"aspect-ratio: 1\/0.5625\" class=\"block-video video-container\"><video height=\"1440\" style=\"aspect-ratio: 2560 \/ 1440;\" width=\"2560\" controls preload=\"none\" src=\"https:\/\/www.pediatrics.cz\/content\/uploads\/1619\/21\/pediatricke-kazuistiky-online-22.4.2021.mp4\"><\/video><\/figure>\n\n\n\n<p class=\"wp-block-paragraph\"><strong>Program webin\u00e1\u0159e:<\/strong><\/p>\n\n\n\n<ul class=\"block-list\"><li><strong>MUDr. Martina Skokanov\u00e1: Terapie kongenit\u00e1ln\u00ed CMV infekce u novorozence extr\u00e9mn\u011b n\u00edzk\u00e9 porodn\u00ed hmotnosti<\/strong><em>&nbsp;(Novorozeneck\u00e9 odd\u011blen\u00ed s JIRP, FNM Praha)<\/em><\/li><li><strong>MUDr. Jana Tukov\u00e1, Ph.D.: Bolest na hrudi u chlapce s polyartritidou<\/strong><em>&nbsp;(Klinika pediatrie a d\u011bdi\u010dn\u00fdch poruch metabolismu VFN Praha)<\/em><\/li><li><strong>MUDr. David Megvinet: Mekoniov\u00fd ileus u novorozence s komplikovan\u00fdm poopera\u010dn\u00edm pr\u016fb\u011bhem<\/strong><em>&nbsp;(Pediatrick\u00e1 klinika FNM Praha)<\/em><\/li><\/ul>\n\n\n\n<hr class=\"block-separator\"\/>\n\n\n\n<h2 class=\"block-heading\">Pediatrick\u00e9 kazuistiky online <strong>15. 4. 2021<\/strong><\/h2>\n\n\n\n<figure style=\"aspect-ratio: 1\/0.5625\" class=\"block-video video-container\"><video height=\"1440\" style=\"aspect-ratio: 2560 \/ 1440;\" width=\"2560\" controls preload=\"none\" src=\"https:\/\/www.pediatrics.cz\/content\/uploads\/1618\/06\/pediatricke-kazuistiky-online-15.4.2021.mp4\"><\/video><\/figure>\n\n\n\n<p class=\"wp-block-paragraph\"><strong>Program webin\u00e1\u0159e:<\/strong><\/p>\n\n\n\n<ul class=\"block-list\"><li><strong>MUDr. Veronika Mo\u0161ko\u0159ov\u00e1: Z trombocytopenie an\u00e9mi\u00ed<\/strong><em>&nbsp;(D\u011btsk\u00e1 klinika FN Olomouc)<\/em>&nbsp;&nbsp;&nbsp;&nbsp;&nbsp;&nbsp;&nbsp;&nbsp;&nbsp;&nbsp;<\/li><li><strong>MUDr. Jan \u0160irc: Problematika sacrococcyge\u00e1ln\u00edho teratomu u extr\u00e9mn\u011b nezral\u00e9ho novorozence<\/strong><em>&nbsp;(\u00dastav pro p\u00e9\u010di o matku a d\u00edt\u011b Praha)<\/em><\/li><li><strong>MUDr. Stella Mazurov\u00e1, Ph.D.: 12let\u00fd chlapec s paresteziemi a angiokeratomy<\/strong><em>&nbsp;(Klinika pediatrie a d\u011bdi\u010dn\u00fdch poruch metabolismu VFN Praha)<\/em><\/li><\/ul>\n\n\n\n<hr class=\"block-separator\"\/>\n\n\n\n<h2 class=\"block-heading\">Pediatrick\u00e9 kazuistiky online <strong>8. 4. 2021<\/strong><\/h2>\n\n\n\n<figure style=\"aspect-ratio: 1\/0.5625\" class=\"block-video video-container\"><video height=\"1440\" style=\"aspect-ratio: 2560 \/ 1440;\" width=\"2560\" controls preload=\"none\" src=\"https:\/\/www.pediatrics.cz\/content\/uploads\/1617\/61\/pediatricke-kazuistiky-online-8.4.2021.mp4\"><\/video><\/figure>\n\n\n\n<p class=\"wp-block-paragraph\"><strong>Program webin\u00e1\u0159e:<\/strong><\/p>\n\n\n\n<ul class=\"block-list\"><li><strong>MUDr. Jana \u0160\u0165astn\u00e1, Ph.D.: Intoxikace olovem<\/strong><em>&nbsp;(Pediatrick\u00e1 klinika FN Brno)<\/em>&nbsp;&nbsp;&nbsp;&nbsp;&nbsp;&nbsp;&nbsp;&nbsp;&nbsp;&nbsp;<\/li><li><strong>MUDr. Petr Birke: Co vedlo ke krv\u00e1cen\u00ed<\/strong><em>&nbsp;(D\u011btsk\u00e1 klinika&nbsp;FN Olomouc)<\/em><\/li><li><strong>MUDr. Peter Kor\u010dek, Ph.D.:&nbsp;Infekce COVID 19 &#8211; p\u0159\u00ed\u010dina z\u00e1va\u017en\u00e9 perinat\u00e1ln\u00ed asfyxie a multiorg\u00e1nov\u00e9 dysfunkce u novorozence velmi n\u00edzk\u00e9 porodn\u00ed hmotnosti<\/strong><em>&nbsp;(\u00dastav pro p\u00e9\u010di o matku a d\u00edt\u011b, Praha)<\/em><\/li><\/ul>\n\n\n\n<hr class=\"block-separator\"\/>\n\n\n\n<h2 class=\"block-heading\">Pediatrick\u00e9 kazuistiky online <strong>1. 4. 2021<\/strong><\/h2>\n\n\n\n<figure style=\"aspect-ratio: 1\/0.5625\" class=\"block-video video-container\"><video height=\"2160\" style=\"aspect-ratio: 3840 \/ 2160;\" width=\"3840\" controls preload=\"none\" src=\"https:\/\/www.pediatrics.cz\/content\/uploads\/1617\/17\/pediatricke-kazuistiky-online-1.4.2021.mp4\"><\/video><\/figure>\n\n\n\n<p class=\"wp-block-paragraph\"><strong>Program webin\u00e1\u0159e:<\/strong><\/p>\n\n\n\n<ul class=\"block-list\"><li><strong>MUDr. Veronika Fiamoli, Ph.D.: \u017divot s&nbsp;Glanzmannovou trombasteni\u00ed<\/strong> <em>(Pediatrick\u00e1 klinika FN Brno)<\/em><\/li><li><strong>MUDr. Ester Z\u00e1potock\u00e1: Vz\u00e1cn\u00e1 p\u0159\u00ed\u010dina \u017eivot ohro\u017euj\u00edc\u00edho krv\u00e1cen\u00ed<\/strong> <em>(Klinika d\u011btsk\u00e9 hematologie a onkologie&nbsp;FNM Praha)<\/em><\/li><li><strong>MUDr. Tereza Lerchov\u00e1: Chlapec, kter\u00fd necht\u011bl polykat<\/strong> <em>(Pediatrick\u00e1 klinika&nbsp;FNM Praha)<\/em><\/li><\/ul>\n\n\n\n<hr class=\"block-separator\"\/>\n\n\n\n<h2 class=\"block-heading\">Pediatrick\u00e9 kazuistiky online <strong>25. 3. 2021<\/strong><\/h2>\n\n\n\n<figure style=\"aspect-ratio: 1\/0.5625\" class=\"block-video video-container\"><video height=\"2160\" style=\"aspect-ratio: 3840 \/ 2160;\" width=\"3840\" controls preload=\"none\" src=\"https:\/\/www.pediatrics.cz\/content\/uploads\/1616\/89\/pediatricke-kazuistiky-online-25.3.2021.mp4\"><\/video><\/figure>\n\n\n\n<p class=\"wp-block-paragraph\"><strong>Program webin\u00e1\u0159e<\/strong>:<\/p>\n\n\n\n<ul class=\"block-list\"><li><strong>MUDr. Al\u017eb\u011bta Pal\u00e1tov\u00e1: Byla p\u0159\u00ed\u010dinou du\u0161nosti opravdu aspirace ml\u00e9ka?<\/strong><em>&nbsp;(D\u011btsk\u00e1 klinika FN Olomouc)<\/em><\/li><li><strong>MUDr. Thu Thao Kroupov\u00e1 Duong: Co v\u0161echno m\u016f\u017ee znamenat bolest v&nbsp;kloubu?<\/strong><em>&nbsp;(D\u011btsk\u00e1 klinika FN Plze\u0148)<\/em><\/li><li><strong>MUDr. Nikola Pipkov\u00e1: \u201eD\u011btsk\u00e1 mozkov\u00e1 obrna\u201c \u2013 a co bylo d\u00e1l&#8230;<\/strong><em>&nbsp;(Pediatrick\u00e1 klinika FNM Praha)<\/em><\/li><\/ul>\n\n\n\n<hr class=\"block-separator\"\/>\n\n\n\n<h2 class=\"block-heading\">Pediatrick\u00e9 kazuistiky online <strong>18. 3. 2021<\/strong><\/h2>\n\n\n\n<figure style=\"aspect-ratio: 1\/0.5625\" class=\"block-video video-container\"><video height=\"2160\" style=\"aspect-ratio: 3840 \/ 2160;\" width=\"3840\" controls preload=\"none\" src=\"https:\/\/www.pediatrics.cz\/content\/uploads\/1616\/47\/pediatricke-kazuistiky-online-18.3.2021.mp4\"><\/video><\/figure>\n\n\n\n<p class=\"wp-block-paragraph\"><strong>Program webin\u00e1\u0159e<\/strong>:<\/p>\n\n\n\n<ul class=\"block-list\"><li><strong>MUDr. Erik Nedorost: Neobvykl\u00e9 n\u00e1lezy u zvracej\u00edc\u00edho kojence<\/strong><em>&nbsp;(Pediatrick\u00e1 klinika FN Brno)<\/em><\/li><li><strong>MUDr. Ledjona Toni: Vz\u00e1cn\u00e1 p\u0159\u00ed\u010dina hyperkalc\u00e9mie u novorozence<\/strong><em>&nbsp;(Pediatrick\u00e1 klinika FNM Praha)<\/em><\/li><li><strong>MUDr. Ond\u0159ej Materna: Mnoho\u010detn\u00e9 tromby v&nbsp;lev\u00e9 komo\u0159e u&nbsp;adolescenta s&nbsp;PIMS-TS<em>&nbsp;<\/em><\/strong><em>(D\u011btsk\u00e9 kardiocentrum&nbsp;FNM Praha)<\/em><\/li><\/ul>\n\n\n\n<hr class=\"block-separator\"\/>\n\n\n\n<h2 class=\"block-heading\">Pediatrick\u00e9 kazuistiky online <strong>11. 3. 2021 <\/strong><\/h2>\n\n\n\n<figure style=\"aspect-ratio: 1\/0.5625\" class=\"block-video video-container\"><video height=\"2160\" style=\"aspect-ratio: 3840 \/ 2160;\" width=\"3840\" controls preload=\"none\" src=\"https:\/\/www.pediatrics.cz\/content\/uploads\/1615\/94\/ped_kaz_online_20210311.mp4\"><\/video><\/figure>\n\n\n\n<p class=\"wp-block-paragraph\"><strong>Program webin\u00e1\u0159e<\/strong>:<\/p>\n\n\n\n<ul class=\"block-list\"><li><strong>MUDr. Michaela Tvrd\u00e1: Chlapec s&nbsp;otoky a mal\u00fdm vzr\u016fstem<\/strong> <em>(Klinika d\u011bt\u00ed a dorostu FNKV Praha)<\/em><\/li><li><strong>MUDr. Marek Vebr: Lep\u0161\u00ed je se 3x zeptat<\/strong> <em>(D\u011btsk\u00e1 klinika FN Plze\u0148)<\/em><\/li><li><strong>MUDr. \u017dofia Var\u00e9nyiov\u00e1: Vz\u00e1cn\u00e1 p\u0159\u00ed\u010dina poruchy sluchu a polyk\u00e1n\u00ed<\/strong> <em>(Pediatrick\u00e1 klinika FNM Praha)<\/em><\/li><\/ul>\n\n\n\n<hr class=\"block-separator\"\/>\n\n\n\n<h2 class=\"block-heading\">Pediatrick\u00e9 kazuistiky online <strong>4. 3. 2021<\/strong><\/h2>\n\n\n\n<figure style=\"aspect-ratio: 1\/0.5625\" class=\"block-video video-container\"><video height=\"2160\" style=\"aspect-ratio: 3840 \/ 2160;\" width=\"3840\" controls preload=\"none\" src=\"https:\/\/www.pediatrics.cz\/content\/uploads\/1615\/94\/ped_kaz_online_20210304.mp4\"><\/video><\/figure>\n\n\n\n<p class=\"wp-block-paragraph\"><strong>Program webin\u00e1\u0159e<\/strong>:<\/p>\n\n\n\n<ul class=\"block-list\"><li><strong>MUDr. Geryk Milo\u0161: Co jsme u d\u00edt\u011bte s pancytopenii ne\u010dekali<\/strong> <em>(D\u011btsk\u00e1 klinika FN Olomouc)<\/em><\/li><li><strong>MUDr. David Jan, Ph.D.: PIMS-TS 3x jinak<\/strong> <em>(Pediatrick\u00e1 klinika FN Motol)<\/em><\/li><li><strong>MUDr. Pradlov\u00e1 Barbora: Lehk\u00e9 zran\u011bn\u00ed, t\u011b\u017ek\u00fd pr\u016fb\u011bh<\/strong> <em>(D\u011btsk\u00e1 klinika FN Plze\u0148)<\/em><\/li><\/ul>\n\n\n\n<hr class=\"block-separator\"\/>\n\n\n\n<h2 class=\"block-heading\">Pediatrick\u00e9 kazuistiky online <strong>25. 2. 2021<\/strong><\/h2>\n\n\n\n<figure style=\"aspect-ratio: 1\/0.5625\" class=\"block-video video-container\"><video height=\"2160\" style=\"aspect-ratio: 3840 \/ 2160;\" width=\"3840\" controls preload=\"none\" src=\"https:\/\/www.pediatrics.cz\/content\/uploads\/1615\/94\/ped_kaz_online_20210225.mp4\"><\/video><\/figure>\n\n\n\n<p class=\"wp-block-paragraph\"><strong>Program webin\u00e1\u0159e<\/strong>:<\/p>\n\n\n\n<ul class=\"block-list\"><li><strong>MUDr. Jouza Martin: Neobvykl\u00e1 p\u0159\u00ed\u010dina ileu u novorozence<\/strong> <em>(Pediatrick\u00e1 klinika FN Brno)<\/em><\/li><li><strong>MUDr. Kelifov\u00e1 Silvie: Infantiln\u00ed akrodynie<\/strong> <em>(Klinika pediatrie a d\u011bdi\u010dn\u00fdch poruch metabolismu VFN)<\/em><\/li><li><strong>MUDr. Neuman V\u00edt: Diagn\u00f3za &#8211; Anorexie?<\/strong> <em>(Pediatrick\u00e1 klinika FN Motol)<\/em><\/li><\/ul>\n\n\n\n<hr class=\"block-separator\"\/>\n\n\n\n<div style=\"height:20px\" aria-hidden=\"true\" class=\"block-spacer\"><\/div>\n\n\n\n<h2 class=\"block-heading\">Pediatrick\u00e9 kazuistiky online <strong>18. 2. 2021<\/strong><\/h2>\n\n\n\n<figure style=\"aspect-ratio: 1\/0.5625\" class=\"block-video video-container\"><video height=\"2160\" style=\"aspect-ratio: 3840 \/ 2160;\" width=\"3840\" controls preload=\"none\" src=\"https:\/\/www.pediatrics.cz\/content\/uploads\/1613\/89\/ped_kaz_online_20210218.mp4\"><\/video><\/figure>\n\n\n\n<p class=\"wp-block-paragraph\"><strong>Program webin\u00e1\u0159e<\/strong>:<\/p>\n\n\n\n<ul class=\"block-list\"><li><strong>MUDr. Galkov\u00e1 Michaela : Koarktace aorty &#8211; st\u00e1le opomenut\u00e1 diagn\u00f3za?<\/strong> <em>(Klinika d\u011btsk\u00e9ho l\u00e9ka\u0159stv\u00ed FN Ostrava)<\/em><\/li><li><strong>MUDr. Foltenov\u00e1 Hana: Vz\u00e1cn\u00e1 p\u0159\u00ed\u010dina kr\u010dn\u00ed lymfadenopatie?<\/strong> <em>(D\u011btsk\u00e1 klinika FN Olomouc)<\/em><\/li><li><strong>MUDr. Krej\u010dov\u00e1 Vlasta &#8211; Vz\u00e1cn\u00e1 komplikace nefrotick\u00e9ho syndromu<\/strong> <em>(Pediatrick\u00e1 klinika FN Motol)<\/em><\/li><\/ul>\n\n\n\n<hr class=\"block-separator\"\/>\n\n\n\n<div style=\"height:20px\" aria-hidden=\"true\" class=\"block-spacer\"><\/div>\n\n\n\n<h2 class=\"block-heading\">Pediatrick\u00e9 kazuistiky online <strong>11. 2. 2021<\/strong><\/h2>\n\n\n\n<figure style=\"aspect-ratio: 1\/0.5625\" class=\"block-video video-container\"><video height=\"2160\" style=\"aspect-ratio: 3840 \/ 2160;\" width=\"3840\" controls preload=\"none\" src=\"https:\/\/www.pediatrics.cz\/content\/uploads\/1613\/89\/ped_kaz_online_20210211.mp4\"><\/video><\/figure>\n\n\n\n<div style=\"height:20px\" aria-hidden=\"true\" class=\"block-spacer\"><\/div>\n\n\n\n<p class=\"wp-block-paragraph\"><strong>Program webin\u00e1\u0159e<\/strong>:<\/p>\n\n\n\n<ul class=\"block-list\"><li><strong>MUDr. Plach\u00fd Luk\u00e1\u0161: Cushing\u016fv syndrom<\/strong> <em>(Pediatrick\u00e1 klinika FN Motol)<\/em><\/li><li><strong>MUDr. Fingerhutov\u00e1 \u0160\u00e1rka: Kdy l\u00e9\u010dit hore\u010dku u d\u011bt\u00ed biologiky?<\/strong> <em>(Klinika pediatrie a d\u011bdi\u010dn\u00fdch poruch metabolismu VFN)<\/em><\/li><li><strong>MUDr. Sv\u011btni\u010dka Martin: P\u0159ekvapiv\u00e9 n\u00e1lezy p\u0159i vy\u0161et\u0159en\u00ed obezity<\/strong> <em>(Klinika d\u011bt\u00ed a dorostu FNKV)<\/em><\/li><\/ul>\n\n\n\n<hr class=\"block-separator\"\/>\n\n\n\n<h2 class=\"block-heading\">Pediatrick\u00e9 kazuistiky online <strong>4. 2. 2021<\/strong><\/h2>\n\n\n\n<figure style=\"aspect-ratio: 1\/0.84375\" class=\"block-video video-container\"><video height=\"2160\" style=\"aspect-ratio: 2560 \/ 2160;\" width=\"2560\" controls preload=\"none\" src=\"https:\/\/www.pediatrics.cz\/content\/uploads\/1613\/89\/ped_kaz_online_20210204.mp4\"><\/video><\/figure>\n\n\n\n<div style=\"height:20px\" aria-hidden=\"true\" class=\"block-spacer\"><\/div>\n\n\n\n<p class=\"wp-block-paragraph\"><strong>Program webin\u00e1\u0159e<\/strong>:<\/p>\n\n\n\n<ul class=\"block-list\"><li><strong>MUDr. Veronika Star\u00e1,<\/strong> <strong>PIMS \u2013TS \u2013 pohled kardiologa<\/strong> <em>(Pediatrick\u00e1 klinika FN Motol)<\/em><\/li><li><strong>MUDr. Pecl Jakub: Hyponatremie v klinick\u00e9 praxi &#8211; kazuistika a diferenci\u00e1ln\u00ed diagnostika<\/strong><br><em>(Pediatrick\u00e1 klinika FN Brno)<\/em><\/li><li><strong>MUDr. Kulh\u00e1nek Jan &#8211; Gestational alloimmune liver disease (GALD)<\/strong><br><em>(Klinika pediatrie a d\u011bdi\u010dn\u00fdch poruch metabolismu VFN)<\/em><\/li><\/ul>\n\n\n\n<hr class=\"block-separator\"\/>\n\n\n\n<h2 class=\"block-heading\">Pediatrick\u00e9 kazuistiky online <strong>28. 1. 2021<\/strong><\/h2>\n\n\n\n<figure style=\"aspect-ratio: 1\/0.5625\" class=\"block-video video-container\"><video height=\"2160\" style=\"aspect-ratio: 3840 \/ 2160;\" width=\"3840\" controls preload=\"none\" src=\"https:\/\/www.pediatrics.cz\/content\/uploads\/1612\/67\/ped_kaz_online_20210128.mp4\"><\/video><\/figure>\n\n\n\n<p class=\"wp-block-paragraph\"><strong>Program webin\u00e1\u0159e<\/strong>:<\/p>\n\n\n\n<ul class=\"block-list\"><li><strong>MUDr. Denis Kazeka<\/strong>, <strong>Z\u00e1n\u011btliv\u00e9 st\u0159evn\u00ed onemocn\u011bn\u00ed s velmi \u010dasn\u00fdm za\u010d\u00e1tkem<\/strong><em> (Praha)<\/em><\/li><li><strong>MUDr. Kl\u00e1ra Honz\u00edkov\u00e1<\/strong>, <strong>B\u011b\u017en\u00e1 vyr\u00e1\u017eka, nezvykl\u00e1 p\u0159\u00ed\u010dina<\/strong> <em>(Brno)<\/em><\/li><li><strong>MUDr. Jana Micherov\u00e1,<\/strong> <strong>Za\u010dalo to laryngitidou<\/strong> <em>(Hradec Kr\u00e1lov\u00e9)<\/em><\/li><\/ul>\n\n\n\n<hr class=\"block-separator\"\/>\n\n\n\n<h2 class=\"block-heading\">Pediatrick\u00e9 kazuistiky online <strong>21. 1. 2021<\/strong><\/h2>\n\n\n\n<figure style=\"aspect-ratio: 1\/0.5625\" class=\"block-video video-container\"><video height=\"2160\" style=\"aspect-ratio: 3840 \/ 2160;\" width=\"3840\" controls preload=\"none\" src=\"https:\/\/www.pediatrics.cz\/content\/uploads\/1612\/67\/ped_kaz_online_20210121.mp4\"><\/video><\/figure>\n\n\n\n<p class=\"wp-block-paragraph\"><strong>Program webin\u00e1\u0159e<\/strong>:<\/p>\n\n\n\n<ul class=\"block-list\"><li><strong>MUDr. Ji\u0159\u00ed  N\u00e1hlovsk\u00fd,<\/strong> <strong>Kongenit\u00e1ln\u00ed chylothorax \u2013 inovativn\u00ed l\u00e9\u010dba p\u0159i selh\u00e1n\u00ed konzervativn\u00ed terapie<\/strong> <em>(Hradec Kr\u00e1lov\u00e9)<\/em><\/li><li><strong>MUDr. Michal  Huml,<\/strong> <strong>Akutn\u00ed srde\u010dn\u00ed selh\u00e1n\u00ed u novorozence<\/strong> <em>(Plze\u0148)<\/em><\/li><li><strong>MUDr. Michaela \u0160ib\u00edkov\u00e1, Atypick\u00fd hemolyticko-uremick\u00fd syndrom<\/strong> <em>(Praha)<\/em><\/li><\/ul>\n\n\n\n<hr class=\"block-separator\"\/>\n","protected":false},"excerpt":{"rendered":"<p>Pediatrick\u00e9 kazuistiky online 27. 5. 2021 Program webin\u00e1\u0159e: MUDr. Jakub Jon\u00e1\u0161, Ph.D: \u201eAsi dva dny k\u0159e\u010de\u201c&nbsp;(KARIM FNM Praha) [&hellip;]<\/p>\n","protected":false},"author":2,"featured_media":0,"parent":0,"menu_order":27,"comment_status":"closed","ping_status":"closed","template":"","meta":{"_acf_changed":false,"kia_subtitle":"","footnotes":""},"class_list":["post-2033","page","type-page","status-publish","hentry"],"acf":[],"lang":"cs","translations":{"cs":2033},"pll_sync_post":[],"_links":{"self":[{"href":"https:\/\/www.pediatrics.cz\/api\/wp\/v2\/pages\/2033","targetHints":{"allow":["GET"]}}],"collection":[{"href":"https:\/\/www.pediatrics.cz\/api\/wp\/v2\/pages"}],"about":[{"href":"https:\/\/www.pediatrics.cz\/api\/wp\/v2\/types\/page"}],"author":[{"embeddable":true,"href":"https:\/\/www.pediatrics.cz\/api\/wp\/v2\/users\/2"}],"replies":[{"embeddable":true,"href":"https:\/\/www.pediatrics.cz\/api\/wp\/v2\/comments?post=2033"}],"version-history":[{"count":20,"href":"https:\/\/www.pediatrics.cz\/api\/wp\/v2\/pages\/2033\/revisions"}],"predecessor-version":[{"id":2372,"href":"https:\/\/www.pediatrics.cz\/api\/wp\/v2\/pages\/2033\/revisions\/2372"}],"wp:attachment":[{"href":"https:\/\/www.pediatrics.cz\/api\/wp\/v2\/media?parent=2033"}],"curies":[{"name":"wp","href":"https:\/\/api.w.org\/{rel}","templated":true}]}}