{"id":29,"date":"2018-07-21T15:25:57","date_gmt":"2018-07-21T13:25:57","guid":{"rendered":"https:\/\/www.pediatrics.cz\/?page_id=29"},"modified":"2018-10-23T12:59:01","modified_gmt":"2018-10-23T10:59:01","slug":"mapa-stranek","status":"publish","type":"page","link":"https:\/\/www.pediatrics.cz\/mapa-stranek\/","title":{"rendered":"Mapa str\u00e1nek"},"content":{"rendered":"<div class=\"grid\">\n<div class=\"grid-item md-1\/2 md-pr\"><h2>Aktuality<\/h2><ul><li><a href=\"https:\/\/www.pediatrics.cz\/aktualni-cislo-casopisu-cesko-slovenska-pediatrie\/\">Aktu\u00e1ln\u00ed \u010d\u00edslo \u010dasopisu \u010cesko &#8211; slovensk\u00e1 pediatrie<\/a><\/li><li><a href=\"https:\/\/www.pediatrics.cz\/bulletin-zari-2024-2-2-2-2-2\/\">Bulletin &#8211; b\u0159ezen\/2026<\/a><\/li><li><a href=\"https:\/\/www.pediatrics.cz\/en\/bulletin-october-2019\/\">Bulletin &#8211; October\/2019<\/a><\/li><li><a href=\"https:\/\/www.pediatrics.cz\/en\/ceska-pediatricka-spolecnost-cls-jep\/\">\u010cesk\u00e1 pediatrick\u00e1 spole\u010dnost \u010cLS JEP<\/a><\/li><li><a href=\"https:\/\/www.pediatrics.cz\/en\/actual-issue-of-czech-slovak-pediatrics-magazine\/\">Current issue of Czech-Slovak pediatrics magazine<\/a><\/li><li><a href=\"https:\/\/www.pediatrics.cz\/kampan-funkcni-bolest-bricha-2\/\">Kampa\u0148 ESPGHAN upozor\u0148uje na problematiku funk\u010dn\u00edch bolest\u00ed b\u0159icha u&nbsp;d\u011bt\u00ed<\/a><\/li><li><a href=\"https:\/\/www.pediatrics.cz\/narodni-kampan-na-vcasny-zachyt-scheuermannovy-choroby-patere\/\">N\u00e1rodn\u00ed kampa\u0148 na v\u010dasn\u00fd z\u00e1chyt Scheuermannovy choroby p\u00e1te\u0159e<\/a><\/li><li><a href=\"https:\/\/www.pediatrics.cz\/vyhlaseni-vysledku-voleb-do-vyboru-a-revizni-komise-cps\/\">Volby 2024: Vyhl\u00e1\u0161en\u00ed v\u00fdsledk\u016f voleb do v\u00fdboru a&nbsp;revizn\u00ed komise \u010cPS<\/a><\/li><li><a href=\"https:\/\/www.pediatrics.cz\/vybor-cps-cls-jep-vyhlasuje-volby-do-vyboru-sekce-detske-nefrologie-cps-cls-jep\/\">V\u00fdbor \u010cPS \u010cLS JEP vyhla\u0161uje volby do V\u00fdboru Sekce d\u011btsk\u00e9 nefrologie \u010cPS \u010cLS JEP<\/a><\/li><li><a href=\"https:\/\/www.pediatrics.cz\/10th-europaediatrics\/\">10th Europaediatrics<\/a><\/li><li><a href=\"https:\/\/www.pediatrics.cz\/17-konference-detske-pneumologie\/\">17.&nbsp;konference d\u011btsk\u00e9 pneumologie<\/a><\/li><li><a href=\"https:\/\/www.pediatrics.cz\/3-rocnik-souteze-o-publikaci-v-casopise-s-vysokym-impact-factorem-za-rok-2017-urcene-mladym-autorum-do-35-let\/\">3.&nbsp;ro\u010dn\u00edk sout\u011b\u017ee o&nbsp;publikaci v&nbsp;\u010dasopise s&nbsp;vysok\u00fdm impact factorem za rok 2017 ur\u010den\u00e9 mlad\u00fdm autor\u016fm do 35 let<\/a><\/li><li><a href=\"https:\/\/www.pediatrics.cz\/4-rocnik-souteze-o-publikaci-v-casopise-s-vysokym-impact-factorem-za-rok-2018-urcene-mladym-autorum-do-35-let\/\">4.&nbsp;ro\u010dn\u00edk sout\u011b\u017ee o&nbsp;publikaci v&nbsp;\u010dasopise s&nbsp;vysok\u00fdm impact factorem za rok 2018 ur\u010den\u00e9 mlad\u00fdm autor\u016fm do 35 let<\/a><\/li><li><a href=\"https:\/\/www.pediatrics.cz\/7th-world-congress-argentina-2024\/\">7th World Congress Argentina 2024<\/a><\/li><li><a href=\"https:\/\/www.pediatrics.cz\/azv-vyzyva-k-verejne-oponenture-navrhu-kdp\/\">AZV \u010cR vyz\u00fdv\u00e1 k&nbsp;ve\u0159ejn\u00e9 oponentu\u0159e n\u00e1vrh\u016f KDP<\/a><\/li><li><a href=\"https:\/\/www.pediatrics.cz\/bigyellowfriday-2026-neprehlizejme-onemocneni-jater-u-deti\/\">BigYellowFriday 2026: Nep\u0159ehl\u00ed\u017eejme onemocn\u011bn\u00ed jater u&nbsp;d\u011bt\u00ed<\/a><\/li><li><a href=\"https:\/\/www.pediatrics.cz\/bulletin-brezen-2022\/\">Bulletin &#8211; b\u0159ezen\/2022<\/a><\/li><li><a href=\"https:\/\/www.pediatrics.cz\/bulletin-zari-2024-2-2\/\">Bulletin &#8211; b\u0159ezen\/2025<\/a><\/li><li><a href=\"https:\/\/www.pediatrics.cz\/bulletin-zari-2024-2-2-2\/\">Bulletin &#8211; \u010derven\/2025<\/a><\/li><li><a href=\"https:\/\/www.pediatrics.cz\/bulletin-kveten-2022\/\">Bulletin &#8211; kv\u011bten\/2022<\/a><\/li><li><a href=\"https:\/\/www.pediatrics.cz\/bulletin-kveten-2023\/\">Bulletin &#8211; kv\u011bten\/2023<\/a><\/li><li><a href=\"https:\/\/www.pediatrics.cz\/bulletin-kveten-2023_2\/\">Bulletin &#8211; kv\u011bten\/2023<\/a><\/li><li><a href=\"https:\/\/www.pediatrics.cz\/bulletin-kveten-2024\/\">Bulletin &#8211; kv\u011bten\/2024<\/a><\/li><li><a href=\"https:\/\/www.pediatrics.cz\/novy-bulletin-leden-2022\/\">Bulletin &#8211; leden\/2022<\/a><\/li><li><a href=\"https:\/\/www.pediatrics.cz\/bulletin-leden_2024-2\/\">Bulletin &#8211; leden\/2024<\/a><\/li><li><a href=\"https:\/\/www.pediatrics.cz\/novy-bulletin-listopad-2021-3-2\/\">Bulletin &#8211; listopad\/2021<\/a><\/li><li><a href=\"https:\/\/www.pediatrics.cz\/novy-bulletin-listopad-2021-3\/\">Bulletin &#8211; listopad\/2021<\/a><\/li><li><a href=\"https:\/\/www.pediatrics.cz\/bulletin-listopad-2022\/\">Bulletin &#8211; listopad\/2022<\/a><\/li><li><a href=\"https:\/\/www.pediatrics.cz\/bulletin-zari-2024-2\/\">Bulletin &#8211; listopad\/2024<\/a><\/li><li><a href=\"https:\/\/www.pediatrics.cz\/bulletin-prosinec_2023-2\/\">Bulletin &#8211; prosinec\/2023<\/a><\/li><li><a href=\"https:\/\/www.pediatrics.cz\/bulletin-prosinec_2023\/\">Bulletin &#8211; prosinec\/2023<\/a><\/li><li><a href=\"https:\/\/www.pediatrics.cz\/bulletin-duben-2019\/\">Bulletin &#8211; \u0159\u00edjen\/2019<\/a><\/li><li><a href=\"https:\/\/www.pediatrics.cz\/bulletin-unor-2023\/\">Bulletin &#8211; \u00fanor\/2023<\/a><\/li><li><a href=\"https:\/\/www.pediatrics.cz\/novy-bulletin-zari-2021\/\">Bulletin &#8211; z\u00e1\u0159\u00ed\/2021<\/a><\/li><li><a href=\"https:\/\/www.pediatrics.cz\/bulletin-zari-2022\/\">Bulletin &#8211; z\u00e1\u0159\u00ed\/2022<\/a><\/li><li><a href=\"https:\/\/www.pediatrics.cz\/bulletin-kveten-2023-2\/\">Bulletin &#8211; z\u00e1\u0159\u00ed\/2023<\/a><\/li><li><a href=\"https:\/\/www.pediatrics.cz\/bulletin-zari-2024\/\">Bulletin &#8211; z\u00e1\u0159\u00ed\/2024<\/a><\/li><li><a href=\"https:\/\/www.pediatrics.cz\/bulletin-zari-2024-2-2-2-2\/\">Bulletin &#8211; z\u00e1\u0159\u00ed\/2025<\/a><\/li><li><a href=\"https:\/\/www.pediatrics.cz\/bulletin-duben-2018\/\">Bulletin duben 2018<\/a><\/li><li><a href=\"https:\/\/www.pediatrics.cz\/standardy-detske-paliativni-pece-jsou-jiz-dostupne-v-cestine-diky-sekci-detske-paliativni-mediciny-cps\/\">Celosv\u011btov\u011b p\u0159ijat\u00e9 standardy d\u011btsk\u00e9 paliativn\u00ed p\u00e9\u010de jsou ji\u017e dostupn\u00e9 v&nbsp;\u010de\u0161tin\u011b<\/a><\/li><li><a href=\"https:\/\/www.pediatrics.cz\/ceska-pediatricka-spolecnost-pomoc-ukrajine\/\">\u010cesk\u00e1 pediatrick\u00e1 spole\u010dnost &#8211; POMOC UKRAJIN\u011a<\/a><\/li><li><a href=\"https:\/\/www.pediatrics.cz\/ceske-preklady-doporuceni-choosing-wisely-nyni-na-webu-cps\/\">\u010cesk\u00e9 p\u0159eklady doporu\u010den\u00ed Choosing Wisely nyn\u00ed na webu \u010cPS<\/a><\/li><li><a href=\"https:\/\/www.pediatrics.cz\/cls-jep-novinky-v-centralni-evidenci-clenu\/\">\u010cLS JEP &#8211; novinky v&nbsp;Centr\u00e1ln\u00ed evidenci \u010dlen\u016f<\/a><\/li><li><a href=\"https:\/\/www.pediatrics.cz\/vyjadreni-eap-k-pandemii\/\">COVID &#8211; 19<\/a><\/li><li><a href=\"https:\/\/www.pediatrics.cz\/covid-19-a-jeho-komplikace-v-pediatricke-praxi\/\">Covid-19 a&nbsp;jeho komplikace v&nbsp;pediatrick\u00e9 praxi<\/a><\/li><li><a href=\"https:\/\/www.pediatrics.cz\/cps-vyhlasuje-volby-do-sekce-detske-revmatologie\/\">\u010cPS vyhla\u0161uje volby do Sekce d\u011btsk\u00e9 revmatologie<\/a><\/li><li><a href=\"https:\/\/www.pediatrics.cz\/den-bezpecnejsiho-internetu-2026-podpora-rodicu-i-odborniku-v-oblasti-digitalni-bezpecnosti-deti\/\">Den bezpe\u010dn\u011bj\u0161\u00edho internetu 2026: Podpora rodi\u010d\u016f i&nbsp;odborn\u00edk\u016f v&nbsp;oblasti digit\u00e1ln\u00ed bezpe\u010dnosti d\u011bt\u00ed<\/a><\/li><li><a href=\"https:\/\/www.pediatrics.cz\/den-vzacnych-onemocneni-2026-aby-nikdo-nezustal-stranou\/\">Den vz\u00e1cn\u00fdch onemocn\u011bn\u00ed 2026: Aby nikdo nez\u016fstal stranou<\/a><\/li><li><a href=\"https:\/\/www.pediatrics.cz\/desatero-pro-budoucnost-praktickeho-detskeho-lekarstvi\/\">Desatero pro budoucnost praktick\u00e9ho d\u011btsk\u00e9ho l\u00e9ka\u0159stv\u00ed<\/a><\/li><li><a href=\"https:\/\/www.pediatrics.cz\/desatero-pro-budoucnost-praktickeho-detskeho-lekarstvi-2\/\">Desatero pro budoucnost praktick\u00e9ho d\u011btsk\u00e9ho l\u00e9ka\u0159stv\u00ed<\/a><\/li><li><a href=\"https:\/\/www.pediatrics.cz\/detsti-lekari-proti-valce\/\">D\u011bt\u0161t\u00ed l\u00e9ka\u0159i  proti v\u00e1lce<\/a><\/li><li><a href=\"https:\/\/www.pediatrics.cz\/diplom-cps-za-celozivotni-praci-v-oblasti-zdravotni-pece-o-deti-a-mladistve\/\">Diplom \u010cPS za celo\u017eivotn\u00ed pr\u00e1ci v&nbsp;oblasti zdravotn\u00ed p\u00e9\u010de o&nbsp;d\u011bti a&nbsp;mladistv\u00e9<\/a><\/li><li><a href=\"https:\/\/www.pediatrics.cz\/dopis-hlavni-hygienicky-ve-veci-surveillance-polio-a-hlaseni-achp\/\">Dopis Hlavn\u00ed hygieni\u010dky ve v\u011bci surveillance polio a&nbsp;hl\u00e1\u0161en\u00ed AchP<\/a><\/li><li><a href=\"https:\/\/www.pediatrics.cz\/doporuceni-cvs-k-ockovani-uprchliku-z-ukrajiny\/\">Doporu\u010den\u00ed \u010cVS k&nbsp;o\u010dkov\u00e1n\u00ed uprchl\u00edk\u016f z&nbsp;Ukrajiny<\/a><\/li><li><a href=\"https:\/\/www.pediatrics.cz\/espghan-na-tema-enteralni-vyzivy-nedonosenych-deti\/\">Doporu\u010den\u00ed ESPGHAN na t\u00e9ma enter\u00e1ln\u00ed v\u00fd\u017eivy nedono\u0161en\u00fdch d\u011bt\u00ed<\/a><\/li><li><a href=\"https:\/\/www.pediatrics.cz\/doporuceni-k-ockovani-deti-a-adolescentu-ve-veku-od-5-let-proti-nemoci-covid-19\/\">Doporu\u010den\u00ed k&nbsp;o\u010dkov\u00e1n\u00ed d\u011bt\u00ed a&nbsp;adolescent\u016f ve v\u011bku od 5 let proti nemoci COVID-19<\/a><\/li><li><a href=\"https:\/\/www.pediatrics.cz\/doporuceni-k-uzivani-a-snizovani-miry-zneuzivani-benzodiazepinu-a-dalsich-hypnotik-a-anxiolytik\/\">Doporu\u010den\u00ed k&nbsp;u\u017e\u00edv\u00e1n\u00ed a&nbsp;sni\u017eov\u00e1n\u00ed m\u00edry zneu\u017e\u00edv\u00e1n\u00ed benzodiazepin\u016f a&nbsp;dal\u0161\u00edch hypnotik a&nbsp;anxiolytik<\/a><\/li><li><a href=\"https:\/\/www.pediatrics.cz\/doporuceni-pro-vysetrovani-vrozenych-trombofilii-v-detskem-veku\/\">Doporu\u010den\u00ed pro vy\u0161et\u0159ov\u00e1n\u00ed vrozen\u00fdch trombofili\u00ed v&nbsp;d\u011btsk\u00e9m v\u011bku<\/a><\/li><li><a href=\"https:\/\/www.pediatrics.cz\/dotacni-program-ministerstva-zdravotnictvi-rezidencni-mista-v-oboru-pediatrie-pro-rok-2025\/\">Dota\u010dn\u00ed program Ministerstva zdravotnictv\u00ed &#8211; Reziden\u010dn\u00ed m\u00edsta v&nbsp;oboru pediatrie pro rok 2025<\/a><\/li><li><a href=\"https:\/\/www.pediatrics.cz\/dotacni-program-na-podporu-pldd-v-prerove\/\">Dota\u010dn\u00ed program na podporu PLDD v&nbsp;P\u0159erov\u011b<\/a><\/li><li><a href=\"https:\/\/www.pediatrics.cz\/dotacni-program-na-podporu-praktickeho-lekarstvi-pro-deti-a-dorost-na-uzemi-mesta-prerova-v-roce-2024\/\">Dota\u010dn\u00ed program na podporu praktick\u00e9ho l\u00e9ka\u0159stv\u00ed pro d\u011bti a&nbsp;dorost na \u00fazem\u00ed m\u011bsta P\u0159erova v&nbsp;roce 2024<\/a><\/li><li><a href=\"https:\/\/www.pediatrics.cz\/dotaznik-eap\/\">Dotazn\u00edk EAP<\/a><\/li><li><a href=\"https:\/\/www.pediatrics.cz\/dotaznik-k-osvetove-kampani-pro-vady-patere\/\">Dotazn\u00edk k&nbsp;osv\u011btov\u00e9 kampani pro vady p\u00e1te\u0159e<\/a><\/li><li><a href=\"https:\/\/www.pediatrics.cz\/vazeni\/\">Dotazn\u00edk zam\u011b\u0159en\u00fd na vn\u00edm\u00e1n\u00ed pacientsk\u00fdch organizac\u00ed<\/a><\/li><li><a href=\"https:\/\/www.pediatrics.cz\/earwell-neinvazivni-system-korekce-vrozenych-deformit-usnich-boltcu-novorozencu\/\">EarWell &#8211; neinvazivn\u00ed syst\u00e9m korekce vrozen\u00fdch deformit u\u0161n\u00edch boltc\u016f novorozenc\u016f<\/a><\/li><li><a href=\"https:\/\/www.pediatrics.cz\/espghan-dokumenty-o-stravovacich-navycich-u-deti-a-moznosti-prevence-obezity\/\">ESPGHAN dokumenty o&nbsp;stravovac\u00edch n\u00e1vyc\u00edch u&nbsp;d\u011bt\u00ed a&nbsp;mo\u017enosti prevence obezity<\/a><\/li><li><a href=\"https:\/\/www.pediatrics.cz\/evropska-komise-schvalila-novy-pripravek-pro-prevenci-onemocneni-rsv-u-novorozencu-a-kojencu\/\">Evropsk\u00e1 komise schv\u00e1lila nov\u00fd p\u0159\u00edpravek pro prevenci onemocn\u011bn\u00ed RSV u&nbsp;novorozenc\u016f a&nbsp;kojenc\u016f\u00a0<\/a><\/li><li><a href=\"https:\/\/www.pediatrics.cz\/informace-k-moznosti-nasmlouvani-kodu-pro-ambulanci-odbornosti-301\/\">Informace k&nbsp;mo\u017enosti nasmlouv\u00e1n\u00ed k\u00f3d\u016f pro ambulanci odbornosti 301<\/a><\/li><li><a href=\"https:\/\/www.pediatrics.cz\/informace-ministerstva-prace-a-socialnich-veci-cr-o-zmenach-v-nemocenskem-pojisteni-dlouhodobe-osetrovne-a-potreba-dlouhodobe-pece-o-deti-a-dorost\/\">Informace Ministerstva pr\u00e1ce a&nbsp;soci\u00e1ln\u00edch v\u011bc\u00ed \u010cR o&nbsp;zm\u011bn\u00e1ch v&nbsp;nemocensk\u00e9m poji\u0161t\u011bn\u00ed &#8211; dlouhodob\u00e9 o\u0161et\u0159ovn\u00e9 a&nbsp;pot\u0159eba dlouhodob\u00e9 p\u00e9\u010de o&nbsp;d\u011bti a&nbsp;dorost<\/a><\/li><li><a href=\"https:\/\/www.pediatrics.cz\/informace-o-dostupnosti-vybranych-leciv-pro-deti-v-ceske-republice-v-roce-2022\/\">Informace o&nbsp;dostupnosti vybran\u00fdch l\u00e9\u010div pro d\u011bti v&nbsp;\u010cesk\u00e9 republice\u00a0 v&nbsp;roce 2022<\/a><\/li><li><a href=\"https:\/\/www.pediatrics.cz\/informace-o-pritomnosti-rodicu-pri-poskytovani-zdravotni-pece-detem\/\">Informace o&nbsp;p\u0159\u00edtomnosti rodi\u010d\u016f p\u0159i poskytov\u00e1n\u00ed zdravotn\u00ed p\u00e9\u010de d\u011btem<\/a><\/li><li><a href=\"https:\/\/www.pediatrics.cz\/informace-pro-lekare-indikujici-pozadujici-fyzioterapii\/\">Informace pro l\u00e9ka\u0159e indikuj\u00edc\u00ed (po\u017eaduj\u00edc\u00ed) fyzioterapii<\/a><\/li><li><a href=\"https:\/\/www.pediatrics.cz\/en\/interdisciplinary-stand-on-postoperative-care-after-tonzilotomia-or-tonzilectomia-at-adults-and-children\/\">Interdisciplinary stand on postoperative care after tonzilotomia or tonzilectomia at adults and children<\/a><\/li><li><a href=\"https:\/\/www.pediatrics.cz\/kampan-funkcni-bolest-bricha\/\">Kampa\u0148 ESPGHAN upozor\u0148uje na problematiku funk\u010dn\u00edch bolest\u00ed b\u0159icha u&nbsp;d\u011bt\u00ed<\/a><\/li><li><a href=\"https:\/\/www.pediatrics.cz\/kid-karta-pomaha-k-identifikaci-spatneho-zachazeni-s-detmi\/\">KID karta pom\u00e1h\u00e1 k&nbsp;identifikaci \u0161patn\u00e9ho zach\u00e1zen\u00ed s&nbsp;d\u011btmi<\/a><\/li><li><a href=\"https:\/\/www.pediatrics.cz\/kniha-detskych-nefrologu-ocenena-cenou-ceske-nefrologicke-spolecnosti\/\">Kniha d\u011btsk\u00fdch nefrolog\u016f ocen\u011bna cenou \u010cesk\u00e9 nefrologick\u00e9 spole\u010dnosti<\/a><\/li><li><a href=\"https:\/\/www.pediatrics.cz\/kojenecka-vyziva-postup-pri-setreni-zdravotnich-potizi\/\">Kojeneck\u00e1 v\u00fd\u017eiva \u2013 postup p\u0159i \u0161et\u0159en\u00ed zdravotn\u00edch pot\u00ed\u017e\u00ed<\/a><\/li><li><a href=\"https:\/\/www.pediatrics.cz\/konecne-vysla-detska-hematologie\/\">Kone\u010dn\u011b vy\u0161la d\u011btsk\u00e1 hematologie!<\/a><\/li><li><a href=\"https:\/\/www.pediatrics.cz\/konference-detska-vyziva-a-obezita-v-teorii-a-praxi-2024\/\">Konference D\u011btsk\u00e1 v\u00fd\u017eiva a&nbsp;obezita v&nbsp;teorii a&nbsp;praxi 2024<\/a><\/li><li><a href=\"https:\/\/www.pediatrics.cz\/lecive-pripravky-obsahujici-metamizol-dulezita-opatreni-k-minimalizaci-rizika-agranulocytozy\/\">L\u00e9\u010div\u00e9 p\u0159\u00edpravky obsahuj\u00edc\u00ed metamizol: d\u016fle\u017eit\u00e1 opat\u0159en\u00ed k&nbsp;minimalizaci rizika agranulocyt\u00f3zy<\/a><\/li><li><a href=\"https:\/\/www.pediatrics.cz\/metodicke-usmerneni-hlavni-hygienicky-cr-k-zajisteni-zvysene-surveillance-prenosne-detske-obrny\/\">Metodick\u00e9 usm\u011brn\u011bn\u00ed hlavn\u00ed hygieni\u010dky \u010cR k&nbsp;zaji\u0161t\u011bn\u00ed zv\u00fd\u0161en\u00e9 surveillance p\u0159enosn\u00e9 d\u011btsk\u00e9 obrny<\/a><\/li><li><a href=\"https:\/\/www.pediatrics.cz\/metodicke-usmerneni-hlavni-hygienicky-cr-k-zajisteni-zvysene-surveillance-prenosne-detske-obrny-aktualizace-z-kvetna-2023\/\">Metodick\u00e9 usm\u011brn\u011bn\u00ed hlavn\u00ed hygieni\u010dky \u010cR k&nbsp;zaji\u0161t\u011bn\u00ed zv\u00fd\u0161en\u00e9 surveillance p\u0159enosn\u00e9 d\u011btsk\u00e9 obrny &#8211; aktualizace z&nbsp;kv\u011btna 2023<\/a><\/li><li><a href=\"https:\/\/www.pediatrics.cz\/metodicky-pokyn-hlavni-hygienicky-crk-sentinelove-molekularni-a-sari-surveillance-respiracnich-viru-v-sezone-2024-2025-v-ceske-republice\/\">Metodick\u00fd pokyn hlavn\u00ed hygieni\u010dky \u010cR k&nbsp;sentinelov\u00e9, molekul\u00e1rn\u00ed a&nbsp;SARI surveillance respira\u010dn\u00edch vir\u016f v&nbsp;sezon\u011b 2024&nbsp;\u2013&nbsp;2025 v&nbsp;\u010cesk\u00e9 republice<\/a><\/li><li><a href=\"https:\/\/www.pediatrics.cz\/metodicky-poky-k-pritomnosti-zakonnych-zastupcu-a-osob-blizkych-u-deti-pri-poskytovani-zdravotnich-sluzeb\/\">Metodick\u00fd pokyn k&nbsp;p\u0159\u00edtomnosti z\u00e1konn\u00fdch z\u00e1stupc\u016f a&nbsp;osob bl\u00edzk\u00fdch u&nbsp;d\u011bt\u00ed p\u0159i poskytov\u00e1n\u00ed zdravotn\u00edch slu\u017eeb<\/a><\/li><li><a href=\"https:\/\/www.pediatrics.cz\/metodicky-pokyn-k-screeningu-sluchu-novorozencu-schvaleny-mzcr\/\">Metodick\u00fd pokyn k&nbsp;screeningu sluchu novorozenc\u016f schv\u00e1len\u00fd MZ\u010cR_aktualizace<\/a><\/li><li><a href=\"https:\/\/www.pediatrics.cz\/metodika-k-nahrade-nemajetkove-ujmy-na-zdravi-aktualizace-2025\/\">Metodika k&nbsp;n\u00e1hrad\u011b nemajetkov\u00e9 \u00fajmy na zdrav\u00ed \u2013 Aktualizace 2025<\/a><\/li><li><a href=\"https:\/\/www.pediatrics.cz\/mezinarodni-den-porozumeni-vyvojove-poruse-jazyka\/\">Mezin\u00e1rodn\u00ed den porozum\u011bn\u00ed v\u00fdvojov\u00e9 poru\u0161e jazyka<\/a><\/li><li><a href=\"https:\/\/www.pediatrics.cz\/mezioborove-stanovisko-poskytovani-zdravotni-pece-uprchlikum-z-ukrajiny\/\">Mezioborov\u00e9 stanovisko &#8211; Poskytov\u00e1n\u00ed zdravotn\u00ed p\u00e9\u010de uprchl\u00edk\u016fm z&nbsp;Ukrajiny<\/a><\/li><li><a href=\"https:\/\/www.pediatrics.cz\/mezioborove-stanovisko-k-pooperacni-peci-po-tonzilotomii-nebo-tonzilektomii-u-dospelych-a-detskych-pacientu\/\">Mezioborov\u00e9 stanovisko k&nbsp;poopera\u010dn\u00ed p\u00e9\u010di po tonzilotomii nebo tonzilektomii u&nbsp;dosp\u011bl\u00fdch a&nbsp;d\u011btsk\u00fdch pacient\u016f<\/a><\/li><li><a href=\"https:\/\/www.pediatrics.cz\/ministerstvo-zdravotnictvi-cr-zverejnilo-vyzvu-a-metodiku-pro-zadatele-o-dotaci-na-rezidencni-mista-pro-rok-2024\/\">Ministerstvo zdravotnictv\u00ed \u010cR zve\u0159ejnilo v\u00fdzvu a&nbsp;metodiku pro \u017eadatele o&nbsp;dotaci na reziden\u010dn\u00ed m\u00edsta pro rok 2024<\/a><\/li><li><a href=\"https:\/\/www.pediatrics.cz\/mpox-aktualni-nepriznivy-vyvoj-epidemiologicke-situace\/\">MPOX: Aktu\u00e1ln\u00ed nep\u0159\u00edzniv\u00fd v\u00fdvoj epidemiologick\u00e9 situace<\/a><\/li><li><a href=\"https:\/\/www.pediatrics.cz\/mz-cr-covid-19-spusteni-registrace-pro-ockovani-posilujici-3-davkou-pro-deti-od-12-let\/\">MZ \u010cR &#8211; COVID 19 \/                                                                                                        spu\u0161t\u011bn\u00ed registrace pro o\u010dkov\u00e1n\u00ed posiluj\u00edc\u00ed 3.d\u00e1vkou pro d\u011bti od 12 let<\/a><\/li><li><a href=\"https:\/\/www.pediatrics.cz\/mz-cr-manual-pro-poskytovatele-zdravotnich-sluzeb-pro-obcany-ukrajiny\/\">MZ \u010cR Manu\u00e1l pro poskytovatele zdravotn\u00edch slu\u017eeb pro ob\u010dany Ukrajiny<\/a><\/li><li><a href=\"https:\/\/www.pediatrics.cz\/mz-cr-zverejnilo-seznam-uspesnych-zadatelu-o-dotaci-na-rezidencni-mista-pro-rok-2024-pro-obor-pediatrie\/\">MZ \u010cR zve\u0159ejnilo seznam \u00fasp\u011b\u0161n\u00fdch \u017eadatel\u016f o&nbsp;dotaci na reziden\u010dn\u00ed m\u00edsta pro rok 2024 pro obor Pediatrie<\/a><\/li><li><a href=\"https:\/\/www.pediatrics.cz\/nadbytek-soli-a-cukru-skodi-detem-i-dospelym-obezita-hypertenze\/\">Nadbytek soli a&nbsp;cukru \u0161kod\u00ed d\u011btem i&nbsp;dosp\u011bl\u00fdm \u2013\u00a0obezita, hypertenze<\/a><\/li><li><a href=\"https:\/\/www.pediatrics.cz\/vysledky-hlasovani-k-uprave-teoreticke-casti-vzdelavaciho-pediatrickeho-programu\/\">N\u011bkter\u00e9 kurzy v&nbsp;r\u00e1mci specializa\u010dn\u00edho vzd\u011bl\u00e1v\u00e1n\u00ed budou povinn\u00e9 pro atestanty a\u017e od roku 2024<\/a><\/li><li><a href=\"https:\/\/www.pediatrics.cz\/nova-brozura-o-zdravem-zivotnim-stylu-skvely-nastroj-pro-vase-pacienty\/\">Nov\u00e1 bro\u017eura o&nbsp;zdrav\u00e9m \u017eivotn\u00edm stylu: Skv\u011bl\u00fd n\u00e1stroj pro Va\u0161e pacienty<\/a><\/li><li><a href=\"https:\/\/www.pediatrics.cz\/nova-moznost-podpory-pro-rodiny-deti-se-zdravotnim-postizenim\/\">Nov\u00e1 mo\u017enost podpory pro rodiny d\u011bt\u00ed se zdravotn\u00edm posti\u017een\u00edm<\/a><\/li><li><a href=\"https:\/\/www.pediatrics.cz\/nove-odborne-stanovisko-k-otazce-paliativni-sedace-u-deti\/\">Nov\u00e9 odborn\u00e9 stanovisko k&nbsp;ot\u00e1zce paliativn\u00ed sedace u&nbsp;d\u011bt\u00ed<\/a><\/li><li><a href=\"https:\/\/www.pediatrics.cz\/nove-online-skoleni-o-ockovani-proti-hpv\/\">Nov\u00e9 online \u0161kolen\u00ed o&nbsp;o\u010dkov\u00e1n\u00ed proti HPV<\/a><\/li><li><a href=\"https:\/\/www.pediatrics.cz\/nove-otevrena-detska-ergoterapeuticka-ambulance\/\">Nov\u011b otev\u0159en\u00e1 d\u011btsk\u00e1 ergoterapeutick\u00e1 ambulance<\/a><\/li><li><a href=\"https:\/\/www.pediatrics.cz\/nove-vypsane-terminy-atestaci-pro-rok-2023\/\">Nov\u011b vypsan\u00e9 term\u00edny atestac\u00ed pro rok 2023<\/a><\/li><li><a href=\"https:\/\/www.pediatrics.cz\/novinky-v-oboru-detske-gastroenterologie-hepatologie-a-vyzivy\/\">Novinky v&nbsp;oboru d\u011btsk\u00e9 gastroenterologie, hepatologie a&nbsp;v\u00fd\u017eivy<\/a><\/li><li><a href=\"https:\/\/www.pediatrics.cz\/novy-bulletin-duben-2020\/\">Nov\u00fd bulletin &#8211; duben\/2020<\/a><\/li><li><a href=\"https:\/\/www.pediatrics.cz\/novy-bulletin-kveten-2021\/\">Nov\u00fd bulletin &#8211; kv\u011bten\/2021<\/a><\/li><li><a href=\"https:\/\/www.pediatrics.cz\/novy-bulletin-leden-2020\/\">Nov\u00fd bulletin &#8211; leden\/2020<\/a><\/li><li><a href=\"https:\/\/www.pediatrics.cz\/novy-bulletin-listopad-2020\/\">Nov\u00fd bulletin &#8211; listopad\/2020<\/a><\/li><li><a href=\"https:\/\/www.pediatrics.cz\/novy-bulletin-unor-2021\/\">Nov\u00fd bulletin &#8211; \u00fanor\/2021<\/a><\/li><li><a href=\"https:\/\/www.pediatrics.cz\/novy-bulletin-zari-2020\/\">Nov\u00fd bulletin &#8211; z\u00e1\u0159\u00ed\/2020<\/a><\/li><li><a href=\"https:\/\/www.pediatrics.cz\/doporuceny-postup-pro-suplementaci-vitaminu-d-v-pediatrii\/\">Nov\u00fd Doporu\u010den\u00fd postup pro suplementaci vitaminu D v&nbsp;pediatrii<\/a><\/li><li><a href=\"https:\/\/www.pediatrics.cz\/o-nedostatku-detskych-lekaru-a-problemech-v-pediatrii-promluvil-predseda-cps-jiri-bronsky-v-radiu-m\/\">O&nbsp;nedostatku d\u011btsk\u00fdch l\u00e9ka\u0159\u016f a&nbsp;probl\u00e9mech v&nbsp;pediatrii promluvil v&nbsp;&#8222;R\u00e1diu M&#8220; p\u0159edseda \u010cLS \u010cPS prof. MUDr.&nbsp;Ji\u0159\u00ed Bronsk\u00fd, Ph.D.<\/a><\/li><li><a href=\"https:\/\/www.pediatrics.cz\/odborna-stanoviska-k-novym-doporucenim-who\/\">Odborn\u00e1 stanoviska k&nbsp;nov\u00fdm doporu\u010den\u00edm WHO<\/a><\/li><li><a href=\"https:\/\/www.pediatrics.cz\/ohlednuti-za-konferenci-jak-by-mela-vypadat-nova-regulace-pro-lecive-pripravky-na-vzacna-onemocneni-a-pediatricke-pouziti\/\">Ohl\u00e9dnut\u00ed za konferenc\u00ed \u201eJak by m\u011bla vypadat nov\u00e1 regulace pro l\u00e9\u010div\u00e9 p\u0159\u00edpravky na vz\u00e1cn\u00e1 onemocn\u011bn\u00ed a&nbsp;pediatrick\u00e9 pou\u017eit\u00ed?\u201c<\/a><\/li><li><a href=\"https:\/\/www.pediatrics.cz\/pediatricka-doporuceni-v-dobe-pandemie-covid-19\/\">Pediatrick\u00e1 doporu\u010den\u00ed v&nbsp;dob\u011b pandemie COVID 19<\/a><\/li><li><a href=\"https:\/\/www.pediatrics.cz\/pediatricke-kazuistiky-online-aktualita\/\">Pediatrick\u00e9 kazuistiky online<\/a><\/li><li><a href=\"https:\/\/www.pediatrics.cz\/pediatricke-kazuistiky-online-jeste-do-konce-kvetna\/\">Pediatrick\u00e9 kazuistiky online &#8211; je\u0161t\u011b do konce kv\u011btna<\/a><\/li><li><a href=\"https:\/\/www.pediatrics.cz\/pilotni-program-k-rozsireni-novorozeneckeho-laboratorniho-screeningu-od-1-1-2022\/\">Pilotn\u00ed program k&nbsp;roz\u0161\u00ed\u0159en\u00ed novorozeneck\u00e9ho laboratorn\u00edho screeningu od 1.&nbsp;1.&nbsp;2022<\/a><\/li><li><a href=\"https:\/\/www.pediatrics.cz\/pilotni-program-nls\/\">Pilotn\u00ed program k&nbsp;roz\u0161\u00ed\u0159en\u00ed novorozeneck\u00e9ho laboratorn\u00edho screeningu od 1.&nbsp;1.&nbsp;2022<\/a><\/li><li><a href=\"https:\/\/www.pediatrics.cz\/pilotni-provoz-prokazal-nezbytnost-center-komplexni-pece-pro-rodiny-s-detmi-s-vaznym-zdravotnim-omezenim-ministerstvo-zdravotnictvi-cr-pripravilo-jejich-legislativni-ukotveni\/\">Pilotn\u00ed provoz prok\u00e1zal nezbytnost center komplexn\u00ed p\u00e9\u010de pro rodiny s&nbsp;d\u011btmi s&nbsp;v\u00e1\u017en\u00fdm zdravotn\u00edm omezen\u00edm, ministerstvo zdravotnictv\u00ed \u010cR p\u0159ipravilo jejich legislativn\u00ed ukotven\u00ed<\/a><\/li><li><a href=\"https:\/\/www.pediatrics.cz\/podporujeme-narodni-ockovaci-strategii\/\">Podporujeme N\u00e1rodn\u00ed o\u010dkovac\u00ed strategii<\/a><\/li><li><a href=\"https:\/\/www.pediatrics.cz\/podzimni-dny-detske-nefrologie\/\">Podzimn\u00ed dny d\u011btsk\u00e9 nefrologie<\/a><\/li><li><a href=\"https:\/\/www.pediatrics.cz\/pohotovost-pro-deti-a-dorost-v-roce-2024\/\">Pohotovost pro d\u011bti a&nbsp;dorost v&nbsp;roce 2024<\/a><\/li><li><a href=\"https:\/\/www.pediatrics.cz\/pomozte-s-vyzkumem-realizovan-sekci-detske-paliativni-mediciny-cps\/\">Pomozte s&nbsp;v\u00fdzkumem realizov\u00e1n Sekc\u00ed d\u011btsk\u00e9 paliativn\u00ed medic\u00edny \u010cPS<\/a><\/li><li><a href=\"https:\/\/www.pediatrics.cz\/postavme-se-na-stranu-deti-2\/\">Postavme se na stranu d\u011bt\u00ed<\/a><\/li><li><a href=\"https:\/\/www.pediatrics.cz\/pozvanka-k-ucasti-na-sekci-mladi-pediatri\/\">Pozv\u00e1nka k&nbsp;\u00fa\u010dasti na sekci &#8222;Mlad\u00ed pediat\u0159i&#8220;<\/a><\/li><li><a href=\"https:\/\/www.pediatrics.cz\/pozvanka-na-webinar-o-brylovych-cockach-miyosmart\/\">Pozv\u00e1nka na webin\u00e1\u0159 o&nbsp;br\u00fdlov\u00fdch \u010do\u010dk\u00e1ch MiYOSMART<\/a><\/li><li><a href=\"https:\/\/www.pediatrics.cz\/pracovni-skupina-pro-deti-s-chronickym-onemocnenim-ve-skolach\/\">Pracovn\u00ed skupina pro p\u00e9\u010di o&nbsp;chronicky nemocn\u00e9 d\u011bti ve \u0161kol\u00e1ch<\/a><\/li><li><a href=\"https:\/\/www.pediatrics.cz\/prihlaste-se-do-souteze-o-nejlepsi-vedeckou-praci\/\">P\u0159ihlaste se do sout\u011b\u017ee o&nbsp;nejlep\u0161\u00ed v\u011bdeckou pr\u00e1ci<\/a><\/li><li><a href=\"https:\/\/www.pediatrics.cz\/prirucka-syndromu-tyraneho-zneuzivaneho-a-zanedbavaneho-ditete\/\">P\u0159\u00edru\u010dka syndromu t\u00fdran\u00e9ho, zneu\u017e\u00edvan\u00e9ho a&nbsp;zanedb\u00e1van\u00e9ho d\u00edt\u011bte<\/a><\/li><li><a href=\"https:\/\/www.pediatrics.cz\/proc-a-jak-spravne-predepisovat-antibiotika-v-bezne-klinicke-praxi\/\">Pro\u010d a&nbsp;jak spr\u00e1vn\u011b p\u0159edepisovat antibiotika v&nbsp;b\u011b\u017en\u00e9 klinick\u00e9 praxi<\/a><\/li><li><a href=\"https:\/\/www.pediatrics.cz\/130-tisic-deti-nema-sveho-pediatra\/\">Prof. Bronsk\u00fd v&nbsp;Pressklubu Frekvence 1 k&nbsp;syst\u00e9mu pediatrick\u00e9 p\u00e9\u010de v&nbsp;\u010cR<\/a><\/li><li><a href=\"https:\/\/www.pediatrics.cz\/program-projektu-echo-fn-motol-v-roce-2024\/\">Program projektu ECHO\u00ae FN Motol v&nbsp;roce 2024<\/a><\/li><li><a href=\"https:\/\/www.pediatrics.cz\/detskenastavboveoboryspecializacnihovzdelavani\/\">Projekt D\u011btsk\u00e9 n\u00e1stavbov\u00e9 obory specializa\u010dn\u00edho vzd\u011bl\u00e1v\u00e1n\u00ed<\/a><\/li><li><a href=\"https:\/\/www.pediatrics.cz\/projekt-detske-nastavbove-obory-specializacniho-vzdelavani\/\">Projekt D\u011btsk\u00e9 n\u00e1stavbov\u00e9 obory specializa\u010dn\u00edho vzd\u011bl\u00e1v\u00e1n\u00ed<\/a><\/li><li><a href=\"https:\/\/www.pediatrics.cz\/projekt-unicef-podporuje-primarni-ambulantni-peci-v-nemocnicich\/\">Projekt UNICEF podporuje prim\u00e1rn\u00ed ambulantn\u00ed p\u00e9\u010di v&nbsp;nemocnic\u00edch<\/a><\/li><li><a href=\"https:\/\/www.pediatrics.cz\/salzburske-lekarske-seminare-2020\/\">Salzbursk\u00e9 l\u00e9ka\u0159sk\u00e9 semin\u00e1\u0159e 2020<\/a><\/li><li><a href=\"https:\/\/www.pediatrics.cz\/en\/screening-of-ears-at-children-at-the-age-of-5\/\">Screening of ears at children at the age of 5<\/a><\/li><li><a href=\"https:\/\/www.pediatrics.cz\/screening-sluchu-u-novorozencu-a-deti\/\">Screening sluchu u&nbsp;novorozenc\u016f a&nbsp;d\u011bt\u00ed ve v\u011bku 5 let<\/a><\/li><li><a href=\"https:\/\/www.pediatrics.cz\/screeningu-sluchu-deti-ve-veku-5-let\/\">Screeningu sluchu d\u011bt\u00ed ve v\u011bku 5 let<\/a><\/li><li><a href=\"https:\/\/www.pediatrics.cz\/sekce-detske-paliativni-mediciny\/\">Sekce d\u011btsk\u00e9 paliativn\u00ed medic\u00edny<\/a><\/li><li><a href=\"https:\/\/www.pediatrics.cz\/seriewebinaru\/\">S\u00e9rie webin\u00e1\u0159\u016f na t\u00e9ma &#8222;The problem with the formula milk industry&#8220;<\/a><\/li><li><a href=\"https:\/\/www.pediatrics.cz\/seznam-salzburskych-seminaru-2025\/\">Seznam Salzbursk\u00fdch semin\u00e1\u0159\u016f 2025<\/a><\/li><li><a href=\"https:\/\/www.pediatrics.cz\/slavnostni-udileni-medaili-za-zasluhy\/\">Slavnostn\u00ed ud\u00edlen\u00ed medail\u00ed za z\u00e1sluhy<\/a><\/li><li><a href=\"https:\/\/www.pediatrics.cz\/sma-spinalni-svalova-atrofie\/\">SMA &#8211; spin\u00e1ln\u00ed svalov\u00e1 atrofie<\/a><\/li><li><a href=\"https:\/\/www.pediatrics.cz\/soutez-o-cenu-cps-za-nejlepsi-publikaci-v-oboru-pediatrie\/\">Sout\u011b\u017e o&nbsp;cenu \u010cPS za nejlep\u0161\u00ed publikaci v&nbsp;oboru pediatrie<\/a><\/li><li><a href=\"https:\/\/www.pediatrics.cz\/soutez-o-cenu-cps-za-nejlepsi-publikaci-v-oboru-pediatrie-pro-autora-mladsiho-35-let\/\">Sout\u011b\u017e o&nbsp;Cenu \u010cPS za nejlep\u0161\u00ed publikaci v&nbsp;oboru pediatrie pro autora mlad\u0161\u00edho 35 let<\/a><\/li><li><a href=\"https:\/\/www.pediatrics.cz\/spolecne-sdeleni-msmt-a-mz-k-zajisteni-zdravotni-podpory-ve-skolach-a-skolskych-zarizenich\/\">Spole\u010dn\u00e9 sd\u011blen\u00ed M\u0160MT a&nbsp;MZ k&nbsp;zaji\u0161t\u011bn\u00ed zdravotn\u00ed podpory ve \u0161kol\u00e1ch a&nbsp;\u0161kolsk\u00fdch za\u0159\u00edzen\u00edch<\/a><\/li><li><a href=\"https:\/\/www.pediatrics.cz\/spusteni-noveho-webu-ceske-pediatricke-spolecnosti\/\">Spu\u0161t\u011bn\u00ed nov\u00e9ho webu \u010cesk\u00e9 pediatrick\u00e9 spole\u010dnosti<\/a><\/li><li><a href=\"https:\/\/www.pediatrics.cz\/stanovisko-ceske-vakcinologicke-spolecnosti-cls-jep-k-preockovani-deti-ve-veku-12-proti-onemocneni-covid-19\/\">Stanovisko \u010cesk\u00e9 vakcinologick\u00e9 spole\u010dnosti \u010cLS JEP k&nbsp;p\u0159eo\u010dkov\u00e1n\u00ed d\u011bt\u00ed ve v\u011bku 12+ proti onemocn\u011bn\u00ed COVID-19<\/a><\/li><li><a href=\"https:\/\/www.pediatrics.cz\/doporuceni-cvs-k-ockovani-proti-covid-19-a-stanovisko-k-vakcinam-proti-planym-nestovicim\/\">Stanovisko \u010cesk\u00e9 vakcinologick\u00e9 spole\u010dnosti \u010cLS JEP ke kombinovanosti vakc\u00edn proti plan\u00fdm ne\u0161tovic\u00edm<\/a><\/li><li><a href=\"https:\/\/www.pediatrics.cz\/stanovisko-cps-k-ockovani-deti-a-adolescentu-od-12-let-proti-covid-19-1\/\">Stanovisko \u010cPS k&nbsp;o\u010dkov\u00e1n\u00ed d\u011bt\u00ed a&nbsp;adolescent\u016f od 12 let, proti COVID-19<\/a><\/li><li><a href=\"https:\/\/www.pediatrics.cz\/stanovisko-cps-k-pritomnosti-rodicu-pri-poskytovani-zdravotni-pece-nezletilym\/\">Stanovisko \u010cPS k&nbsp;p\u0159\u00edtomnosti rodi\u010d\u016f p\u0159i poskytov\u00e1n\u00ed zdravotn\u00ed p\u00e9\u010de nezletil\u00fdm<\/a><\/li><li><a href=\"https:\/\/www.pediatrics.cz\/stanovisko-cps-k-problematice-zdravotni-respitni-pece-v-reakci-na-jednani-na-mzd-cr-dne-18-5-2023\/\">Stanovisko \u010cPS k&nbsp;problematice zdravotn\u00ed respitn\u00ed p\u00e9\u010de v&nbsp;reakci na jedn\u00e1n\u00ed na MZd \u010cR dne 18.&nbsp;5.&nbsp;2023<\/a><\/li><li><a href=\"https:\/\/www.pediatrics.cz\/stanovisko-pediatrickych-spolecnosti-k-navratu-deti-do-skol\/\">Stanovisko pediatrick\u00fdch spole\u010dnost\u00ed k&nbsp;n\u00e1vratu d\u011bt\u00ed do \u0161kol<\/a><\/li><li><a href=\"https:\/\/www.pediatrics.cz\/stanovisko-pracovni-skupiny-pro-detskou-gastroenterologii-hepatologii-a-vyzivu-psdg-cps-ke-konzumaci-energetickych-napoju-detmi\/\">Stanovisko Pracovn\u00ed skupiny pro d\u011btskou gastroenterologii, hepatologii a&nbsp;v\u00fd\u017eivu (PSDG) \u010cPS ke konzumaci energetick\u00fdch n\u00e1poj\u016f d\u011btmi.<\/a><\/li><li><a href=\"https:\/\/www.pediatrics.cz\/stanovisko-vyboru-cps-k-vykazovani-kodu-02220-a-02230-stanoveni-crp-v-odbornosti-301-na-prijmove-a-pohotovostni-ambulanci-detskeho-oddeleni-7-12-2021\/\">Stanovisko v\u00fdboru \u010cPS k&nbsp;vykazov\u00e1n\u00ed k\u00f3du 02220 a&nbsp;02230, stanoven\u00ed CRP v&nbsp;odbornosti 301 na p\u0159\u00edjmov\u00e9 a&nbsp;pohotovostn\u00ed ambulanci d\u011btsk\u00e9ho odd\u011blen\u00ed  (7.12.2021)<\/a><\/li><li><a href=\"https:\/\/www.pediatrics.cz\/studie-o-paliativni-analgosedaci-u-deti\/\">Studie o&nbsp;paliativn\u00ed analgosedaci u&nbsp;d\u011bt\u00ed<\/a><\/li><li><a href=\"https:\/\/www.pediatrics.cz\/svetovy-den-predcasne-narozenych-deti-17-listopadu-2024\/\">Sv\u011btov\u00fd den p\u0159ed\u010dasn\u011b narozen\u00fdch d\u011bt\u00ed 17.&nbsp;listopadu 2024<\/a><\/li><li><a href=\"https:\/\/www.pediatrics.cz\/en\/the-launching-of-new-websites-of-cps\/\">The launching of new websites of \u010cPS<\/a><\/li><li><a href=\"https:\/\/www.pediatrics.cz\/tiskova-zprava-vzdelavaci-system-mladych-pediatru-je-ohrozen\/\">Tiskov\u00e1 zpr\u00e1va: Vzd\u011bl\u00e1vac\u00ed syst\u00e9m mlad\u00fdch pediatr\u016f je ohro\u017een<\/a><\/li><li><a href=\"https:\/\/www.pediatrics.cz\/tiskove-prohlaseni-ohrozeni-vzdelavaciho-systemu-mladych-pediatru\/\">Tiskov\u00e9 prohl\u00e1\u0161en\u00ed &#8211; Ohro\u017een\u00ed vzd\u011bl\u00e1vac\u00edho syst\u00e9mu mlad\u00fdch pediatr\u016f<\/a><\/li><li><a href=\"https:\/\/www.pediatrics.cz\/tiskove-prohlaseni-odborne-spolecnosti-cls-jep-znepokojeni-%ef%bf%bc\/\">Tiskov\u00e9 prohl\u00e1\u0161en\u00ed odborn\u00e9 spole\u010dnosti \u010cLS JEP &#8211; Znepokojen\u00ed\u00a0\ufffc<\/a><\/li><li><a href=\"https:\/\/www.pediatrics.cz\/tiskove-prohlaseni-odborne-spolecnosti-cls-jep-znepokojeni\/\">Tiskov\u00e9 prohl\u00e1\u0161en\u00ed odborn\u00e9 spole\u010dnosti \u010cLS JEP &#8211; Znepokojen\u00ed\u00a0\ufffc<\/a><\/li><li><a href=\"https:\/\/www.pediatrics.cz\/upozorneni-na-novou-i-v-formu-infliximabu-s-obsahem-sorbitolu\/\">Upozorn\u011bn\u00ed na novou i.v. formu infliximabu s&nbsp;obsahem sorbitolu<\/a><\/li><li><a href=\"https:\/\/www.pediatrics.cz\/upozorneni-na-opakovany-vyskyt-zavaznych-invazivnich-infekci-pyogennimi-streptokoky-v-cr\/\">Upozorn\u011bn\u00ed na opakovan\u00fd v\u00fdskyt z\u00e1va\u017en\u00fdch invazivn\u00edch infekc\u00ed pyogenn\u00edmi streptokoky v&nbsp;\u010cR<\/a><\/li><li><a href=\"https:\/\/www.pediatrics.cz\/upozorneni-pro-rodice-szpi-varuje-pred-sarzi-pocatecniho-mleka-nutrilon-advanced-good-night-1\/\">Upozorn\u011bn\u00ed pro rodi\u010de: SZPI varuje p\u0159ed \u0161ar\u017e\u00ed po\u010d\u00e1te\u010dn\u00edho ml\u00e9ka Nutrilon Advanced Good Night 1<\/a><\/li><li><a href=\"https:\/\/www.pediatrics.cz\/uprava-vzdelavaciho-programu-pediatrie\/\">\u00daprava vzd\u011bl\u00e1vac\u00edho programu pediatrie<\/a><\/li><li><a href=\"https:\/\/www.pediatrics.cz\/vestnik-05-ministerstva-zdravotnictvi\/\">V\u011bstn\u00edk 05\/Ministerstva Zdravotnictv\u00ed<\/a><\/li><li><a href=\"https:\/\/www.pediatrics.cz\/vestnik-01-2023-ministerstva-zdravotnictvi\/\">V\u011bstn\u00edk 1\/2023 Ministerstva Zdravotnictv\u00ed<\/a><\/li><li><a href=\"https:\/\/www.pediatrics.cz\/vestnik-10-ministerstva-zdravotnictvi\/\">V\u011bstn\u00edk 10\/Ministerstva Zdravotnictv\u00ed<\/a><\/li><li><a href=\"https:\/\/www.pediatrics.cz\/vestnik-11-2023-ministerstva-zdravotnictvi\/\">V\u011bstn\u00edk 11\/2023 Ministerstva Zdravotnictv\u00ed<\/a><\/li><li><a href=\"https:\/\/www.pediatrics.cz\/vestnik-17-2023-ministerstva-zdravotnictvi\/\">V\u011bstn\u00edk 17\/2023 Ministerstva Zdravotnictv\u00ed<\/a><\/li><li><a href=\"https:\/\/www.pediatrics.cz\/vestnik-05-2023-ministerstva-zdravotnictvi\/\">V\u011bstn\u00edk 5\/2023 Ministerstva Zdravotnictv\u00ed<\/a><\/li><li><a href=\"https:\/\/www.pediatrics.cz\/vestnik-08-2023-ministerstva-zdravotnictvi\/\">V\u011bstn\u00edk 8\/2023 Ministerstva Zdravotnictv\u00ed<\/a><\/li><li><a href=\"https:\/\/www.pediatrics.cz\/videoserial-venovany-porucham-prijmu-potravy\/\">Videoseri\u00e1l v\u011bnovan\u00fd poruch\u00e1m p\u0159\u00edjmu potravy<\/a><\/li><li><a href=\"https:\/\/www.pediatrics.cz\/vlada-cr-schvalila-plan-podpory-pohybu-deti-zaku-a-studentu-ve-skolach-a-skolskych-zarizenich-ktery-je-prvni-narodni-koncepci-sveho-druhu\/\">Vl\u00e1da \u010cR schv\u00e1lila pl\u00e1n podpory pohybu d\u011bt\u00ed, \u017e\u00e1k\u016f a&nbsp;student\u016f ve \u0161kol\u00e1ch a&nbsp;\u0161kolsk\u00fdch za\u0159\u00edzen\u00edch, kter\u00fd je prvn\u00ed n\u00e1rodn\u00ed koncepc\u00ed sv\u00e9ho druhu<\/a><\/li><li><a href=\"https:\/\/www.pediatrics.cz\/volby-2024-vyhlaseni-voleb-do-vyboru-a-revizni-komise-cps\/\">Volby 2024: Vyhl\u00e1\u0161en\u00ed voleb do v\u00fdboru a&nbsp;revizn\u00ed komise \u010cPS<\/a><\/li><li><a href=\"https:\/\/www.pediatrics.cz\/volby-do-sekce-detske-obezitologie\/\">Volby do sekce d\u011btsk\u00e9 obezitologie<\/a><\/li><li><a href=\"https:\/\/www.pediatrics.cz\/vyberove-rizeni-na-dodavatele-sluzeb-v-oblasti-digitalni-komunikace-a-spravy-socialnich-siti\/\">V\u00fdb\u011brov\u00e9 \u0159\u00edzen\u00ed na dodavatele slu\u017eeb v&nbsp;oblasti digit\u00e1ln\u00ed komunikace a&nbsp;spr\u00e1vy soci\u00e1ln\u00edch s\u00edt\u00ed<\/a><\/li><li><a href=\"https:\/\/www.pediatrics.cz\/vybor-cps-hleda-partnera-pro-organizacni-zajisteni-pediatrickych-kongresu-v-letech-2027-2030\/\">V\u00fdbor \u010cPS hled\u00e1 partnera pro organiza\u010dn\u00ed zaji\u0161t\u011bn\u00ed Pediatrick\u00fdch kongres\u016f v&nbsp;letech 2027&nbsp;\u2013&nbsp;2030<\/a><\/li><li><a href=\"https:\/\/www.pediatrics.cz\/vybor-pro-vzdelavani-committee-for-education-evropske-detske-infektologicke-spolecnosti-espid-nabizi-vzdelavani-cestou-sveho-edukacniho-portalu\/\">V\u00fdbor pro vzd\u011bl\u00e1v\u00e1n\u00ed (Committee for Education) Evropsk\u00e9 d\u011btsk\u00e9 infektologick\u00e9 spole\u010dnosti (ESPID) nab\u00edz\u00ed vzd\u011bl\u00e1v\u00e1n\u00ed cestou sv\u00e9ho eduka\u010dn\u00edho port\u00e1lu<\/a><\/li><li><a href=\"https:\/\/www.pediatrics.cz\/vyhlaseni-ceny-za-nejlepsi-publikaci-v-oboru-pediatrie-roku-2020\/\">Vyhl\u00e1\u0161en\u00ed ceny za nejlep\u0161\u00ed publikaci v&nbsp;oboru pediatrie roku 2020<\/a><\/li><li><a href=\"https:\/\/www.pediatrics.cz\/vyhlaseni-souteze-o-cenu-cps-za-nejlepsi-publikaci-v-oboru-pediatrie-za-rok-2021-pro-autora-mladsiho-35-let\/\">Vyhl\u00e1\u0161en\u00ed sout\u011b\u017ee o&nbsp;cenu \u010cPS za nejlep\u0161\u00ed publikaci v&nbsp;oboru pediatrie za rok 2021 pro autora mlad\u0161\u00edho 35 let<\/a><\/li><li><a href=\"https:\/\/www.pediatrics.cz\/volby-do-vyboru-sekce-detske-endokrinologie-cps\/\">Vyhl\u00e1\u0161en\u00ed voleb do v\u00fdboru Sekce d\u011btsk\u00e9 endokrinologie \u010cPS<\/a><\/li><li><a href=\"https:\/\/www.pediatrics.cz\/vyhlasujeme-soutez-o-cenu-cps-za-nejlepsi-publikaci-v-pediatrii\/\">Vyhla\u0161ujeme sout\u011b\u017e o&nbsp;Cenu \u010cPS za nejlep\u0161\u00ed publikaci v&nbsp;pediatrii pro autora mlad\u0161\u00edho 35  let<\/a><\/li><li><a href=\"https:\/\/www.pediatrics.cz\/vysetreni-protilatek-anti-sars-cov-2-u-diagnozy-u10-9\/\">Vy\u0161et\u0159en\u00ed protil\u00e1tek Anti-SARS-COV-2 u&nbsp;diagn\u00f3zy U10.9<\/a><\/li><li><a href=\"https:\/\/www.pediatrics.cz\/vysledky-voleb-do-sekce-mladych-pediatru\/\">V\u00fdsledky voleb do sekce Mlad\u00fdch pediatr\u016f \u010cPS<\/a><\/li><li><a href=\"https:\/\/www.pediatrics.cz\/vysledky-voleb-do-vyboru-a-revizni-komise-cps\/\">V\u00fdsledky voleb do v\u00fdboru a&nbsp;revizn\u00ed komise \u010cPS<\/a><\/li><li><a href=\"https:\/\/www.pediatrics.cz\/volby-do-vyboru-a-revizni-komise-cps-cls-jep\/\">V\u00fdsledky voleb do v\u00fdboru a&nbsp;revizn\u00ed komise \u010cPS \u010cLS JEP<\/a><\/li><li><a href=\"https:\/\/www.pediatrics.cz\/vysledky-voleb-do-vyboru-sekce-detske-revmatologie-cps\/\">V\u00fdsledky voleb do v\u00fdboru sekce d\u011btsk\u00e9 revmatologie \u010cPS<\/a><\/li><li><a href=\"https:\/\/www.pediatrics.cz\/prakticke-detske-lekarstvi\/\">Vy\u0161lo 2.&nbsp;vyd\u00e1n\u00ed knihy Praktick\u00e9 d\u011btsk\u00e9 l\u00e9ka\u0159stv\u00ed<\/a><\/li><li><a href=\"https:\/\/www.pediatrics.cz\/vyuziti-neregistrovaneho-leciva-rectodelt-t\/\">Vyu\u017eit\u00ed  neregistrovan\u00e9ho l\u00e9\u010diva RECTODELT T<\/a><\/li><li><a href=\"https:\/\/www.pediatrics.cz\/vyzva-to-zvladneme-nabizi-financni-pomoc-pozustalym-rodinam\/\">V\u00fdzva \u201eTo zvl\u00e1dneme\u201c nab\u00edz\u00ed finan\u010dn\u00ed pomoc poz\u016fstal\u00fdm rodin\u00e1m<\/a><\/li><li><a href=\"https:\/\/www.pediatrics.cz\/vyzva-a-navod-jak-se-prihlasit-do-sekci-cps-cls-jep-a-stat-se-tak-novym-clenem-nebo-sve-clenstvi-obnovit\/\">V\u00fdzva a&nbsp;n\u00e1vod jak se p\u0159ihl\u00e1sit do sekc\u00ed \u010cPS \u010cLS JEP a&nbsp;st\u00e1t se tak nov\u00fdm \u010dlenem, nebo sv\u00e9 \u010dlenstv\u00ed obnovit.<\/a><\/li><li><a href=\"https:\/\/www.pediatrics.cz\/vyzva-k-nominacim\/\">V\u00fdzva k&nbsp;nominac\u00edm<\/a><\/li><li><a href=\"https:\/\/www.pediatrics.cz\/vyzva-k-verejne-oponenture\/\">V\u00fdzva k&nbsp;ve\u0159ejn\u00e9 oponentu\u0159e KDP<\/a><\/li><li><a href=\"https:\/\/www.pediatrics.cz\/vzacni-spolu-pobyty-pro-rodiny-s-detmi-se-vzacnymi-onemocnenimi\/\">Vz\u00e1cn\u00ed spolu &#8211; pobyty pro rodiny s&nbsp;d\u011btmi se vz\u00e1cn\u00fdmi onemocn\u011bn\u00edmi<\/a><\/li><li><a href=\"https:\/\/www.pediatrics.cz\/vzdelavani-v-detske-paliativni-peci\/\">Vzd\u011bl\u00e1v\u00e1n\u00ed v&nbsp;d\u011btsk\u00e9 paliativn\u00ed p\u00e9\u010di<\/a><\/li><li><a href=\"https:\/\/www.pediatrics.cz\/vznik-nove-publikace-ve-spolupraci-s-who\/\">Vznik nov\u00e9 publikace ve spolupr\u00e1ci s&nbsp;WHO<\/a><\/li><li><a href=\"https:\/\/www.pediatrics.cz\/vznik-sekce-detske-infektologie-a-ockovani\/\">Vznik sekce D\u011btsk\u00e9 infektologie a&nbsp;o\u010dkov\u00e1n\u00ed<\/a><\/li><li><a href=\"https:\/\/www.pediatrics.cz\/vzpominka-na-prim-mudr-jiriho-biolka-laureata-brdlikovy-ceny-a-emeritniho-clena-vyboru-cps\/\">Vzpom\u00ednka na prim. MUDr.&nbsp;Ji\u0159\u00edho Biolka \u2013 laure\u00e1ta Brdl\u00edkovy ceny a&nbsp;emeritn\u00edho \u010dlena v\u00fdboru \u010cPS<\/a><\/li><li><a href=\"https:\/\/www.pediatrics.cz\/webinar-novinky-v-nemocnicni-lecbe-covid-19\/\">WEBIN\u00c1\u0158-Novinky v&nbsp;nemocni\u010dn\u00ed l\u00e9\u010db\u011b COVID-19<\/a><\/li><li><a href=\"https:\/\/www.pediatrics.cz\/en\/xiv-pediatrics-congress-with-international-attendance\/\">XIV. Pediatrics congress with international attendance<\/a><\/li><li><a href=\"https:\/\/www.pediatrics.cz\/xv-pediatricky-kongres-s-mezinarodni-ucasti\/\">XV. Pediatrick\u00fd kongres s&nbsp;mezin\u00e1rodn\u00ed \u00fa\u010dast\u00ed<\/a><\/li><li><a href=\"https:\/\/www.pediatrics.cz\/xvi-pediatricky-kongres-s-mezinarodni-ucasti\/\">XVI. Pediatrick\u00fd kongres<\/a><\/li><li><a href=\"https:\/\/www.pediatrics.cz\/pediatricky-kongres\/\">XVII. PEDIATRICK\u00dd KONGRES<\/a><\/li><li><a href=\"https:\/\/www.pediatrics.cz\/xviii-pediatricky-kongres\/\">XVIII. Pediatrick\u00fd kongres<\/a><\/li><li><a href=\"https:\/\/www.pediatrics.cz\/zacinaji-volby-do-vyboru-sekce-mladi-pediatri\/\">Za\u010d\u00ednaj\u00ed volby do v\u00fdboru sekce Mlad\u00ed pediat\u0159i\u00a0<\/a><\/li><li><a href=\"https:\/\/www.pediatrics.cz\/zapojte-se-do-mapovani-bezne-praxe-lecby-komunitni-pneumonie\/\">Zapojte se do mapov\u00e1n\u00ed b\u011b\u017en\u00e9 praxe v&nbsp;l\u00e9\u010db\u011b komunitn\u00ed pneumonie<\/a><\/li><li><a href=\"https:\/\/www.pediatrics.cz\/zasedani-vyboru-cps\/\">Zased\u00e1n\u00ed v\u00fdboru \u010cPS<\/a><\/li><li><a href=\"https:\/\/www.pediatrics.cz\/pnf\/\">Z\u00e1znam ze semin\u00e1\u0159e &#8222;Pro\u010d si vybrat d\u011btsk\u00e9 l\u00e9ka\u0159stv\u00ed?&#8220; je dostupn\u00fd ke shl\u00e9dnut\u00ed<\/a><\/li><li><a href=\"https:\/\/www.pediatrics.cz\/zdravotnicke-forum\/\">Zdravotnick\u00e9 f\u00f3rum<\/a><\/li><li><a href=\"https:\/\/www.pediatrics.cz\/zemrel-prof-mudr-milan-samanek-drsc\/\">Zem\u0159el prof. MUDr.&nbsp;Milan \u0160am\u00e1nek, DrSc.<\/a><\/li><li><a href=\"https:\/\/www.pediatrics.cz\/zemrel-prof-mudr-otto-hrodek-drsc\/\">Zem\u0159el Prof. MUDr.&nbsp;Otto Hrodek DrSc.<\/a><\/li><li><a href=\"https:\/\/www.pediatrics.cz\/zemrel-vyznamny-cesky-pediatr-prof-mudr-karel-krepela-csc\/\">Zem\u0159el v\u00fdznamn\u00fd \u010desk\u00fd pediatr prof. MUDr.&nbsp;Karel K\u0159epela, CSc.<\/a><\/li><li><a href=\"https:\/\/www.pediatrics.cz\/zjednoduseny-formular-pro-priznani-prispevku-na-peci-v-terminalnim-stavu\/\">Zjednodu\u0161en\u00fd formul\u00e1\u0159 pro p\u0159izn\u00e1n\u00ed p\u0159\u00edsp\u011bvku na p\u00e9\u010di v&nbsp;termin\u00e1ln\u00edm stavu<\/a><\/li><li><a href=\"https:\/\/www.pediatrics.cz\/zucastnete-se-mezinarodni-studie-the-covid-19-heroes\/\">Z\u00fa\u010dastn\u011bte se mezin\u00e1rodn\u00ed studie &#8222;The COVID-19 HEROES&#8220;<\/a><\/li><\/ul><\/div><div class=\"grid-item md-1\/2 md-pr\"><h2>Publikuj\u00edc\u00ed auto\u0159i<\/h2><ul><li><a href=\"https:\/\/www.pediatrics.cz\/autor\/kuranova\/\">Zuzana Kur\u00e1\u0148ov\u00e1 (250)<\/a><\/li><\/ul><\/div><div class=\"grid-item md-1\/2\"><h2>Str\u00e1nky<\/h2><ul><li><a href=\"https:\/\/www.pediatrics.cz\/sekce-a-pracovni-skupiny\/sekce-intenzivni-mediciny\/covid-19\/a-55-day-old-female-infant-infected-with-covid-19-presenting-with-pneumonia-liver-injury-and-heart-damage\/\">A&nbsp;55-Day-Old Female Infant infected with COVID 19: presenting with pneumonia, liver injury, and heart damage<\/a><\/li><li><a href=\"https:\/\/www.pediatrics.cz\/sekce-a-pracovni-skupiny\/sekce-intenzivni-mediciny\/covid-19\/a-national-consensus-management-pathway-for-paediatric-inflammatory-multisystem-syndrome-temporally-associated-with-covid-19-pims-ts-results-of-a-national-delphi-process\/\">A&nbsp;national consensus management pathway for paediatric inflammatory multisystem syndrome temporally associated with COVID-19 (PIMS-TS): results of a&nbsp;national Delphi process<\/a><\/li><li><a href=\"https:\/\/www.pediatrics.cz\/en\/about-the-society\/\">About the society<\/a><\/li><li><a href=\"https:\/\/www.pediatrics.cz\/sekce-a-pracovni-skupiny\/sekce-nefrologicka\/akce\/\">Akce<\/a><\/li><li><a href=\"https:\/\/www.pediatrics.cz\/sekce-a-pracovni-skupiny\/sekce-intenzivni-mediciny\/akce-planovane\/\">Akce pl\u00e1novan\u00e9<\/a><\/li><li><a href=\"https:\/\/www.pediatrics.cz\/sekce-a-pracovni-skupiny\/sekce-nefrologicka\/aktuality\/\">Aktuality<\/a><\/li><li><a href=\"https:\/\/www.pediatrics.cz\/sekce-a-pracovni-skupiny\/sekce-intenzivni-mediciny\/covid-19\/algoritmus-rozsirene-resuscitace-epals-pro-detske-pacienty-s-covid-19\/\">Algoritmus roz\u0161\u00ed\u0159en\u00e9 resuscitace (EPALS) pro d\u011btsk\u00e9 pacienty s&nbsp;COVID-19<\/a><\/li><li><a href=\"https:\/\/www.pediatrics.cz\/o-spolecnosti\/zapis-z-jednani-vyboru-cps\/archiv\/\">Archiv<\/a><\/li><li><a href=\"https:\/\/www.pediatrics.cz\/pediatrie-2023\/archiv-akci\/\">Archiv akc\u00ed<\/a><\/li><li><a href=\"https:\/\/www.pediatrics.cz\/archiv-aktualit\/\">Archiv aktualit<\/a><\/li><li><a href=\"https:\/\/www.pediatrics.cz\/sekce-a-pracovni-skupiny\/sekce-intenzivni-mediciny\/covid-19\/association-of-radiologic-findings-with-mortality-of-patients-infected-with-2019-novel-coronavirus-in-wuhan\/\">Association of radiologic findings with mortality of patients infected with 2019 novel coronavirus in Wuhan<\/a><\/li><li><a href=\"https:\/\/www.pediatrics.cz\/vzdelavani\/atestace-a-kurzy\/\">Atestace a&nbsp;kurzy<\/a><\/li><li><a href=\"https:\/\/www.pediatrics.cz\/en\/education\/atesttation-and-courses\/\">Atesttation and courses<\/a><\/li><li><a href=\"https:\/\/www.pediatrics.cz\/bezpecne-detstvi-v-digitalnim-svete\/\">Bezpe\u010dn\u00e9 d\u011btstv\u00ed v&nbsp;digit\u00e1ln\u00edm sv\u011bt\u011b<\/a><\/li><li><a href=\"https:\/\/www.pediatrics.cz\/sekce-pro-rodice-a-pacienty\/bezpecne-detstvi-v-digitalnim-svete\/\">Bezpe\u010dn\u00e9 d\u011btstv\u00ed v&nbsp;digit\u00e1ln\u00edm sv\u011bt\u011b<\/a><\/li><li><a href=\"https:\/\/www.pediatrics.cz\/en\/about-the-society\/board\/\">Board<\/a><\/li><li><a href=\"https:\/\/www.pediatrics.cz\/bulletin\/\">Bulletin<\/a><\/li><li><a href=\"https:\/\/www.pediatrics.cz\/inzerce\/burza-pracovnich-mist\/\">Burza pracovn\u00edch m\u00edst<\/a><\/li><li><a href=\"https:\/\/www.pediatrics.cz\/sekce-a-pracovni-skupiny\/sekce-intenzivni-mediciny\/covid-19\/care-for-critically-ill-patientswith-covid-19\/\">Care for Critically Ill PatientsWith COVID-19<\/a><\/li><li><a href=\"https:\/\/www.pediatrics.cz\/casopis-cp\/\">\u010casopis \u010cesko-slovensk\u00e1 pediatrie<\/a><\/li><li><a href=\"https:\/\/www.pediatrics.cz\/clenstvi\/casopis-cp\/\">\u010casopis \u010cesko-slovensk\u00e1 pediatrie<\/a><\/li><li><a href=\"https:\/\/www.pediatrics.cz\/clenstvi\/ceny-cps\/\">Ceny \u010cPS<\/a><\/li><li><a href=\"https:\/\/www.pediatrics.cz\/clenstvi\/cestna-clenstvi\/\">\u010cestn\u00e1 \u010dlenstv\u00ed<\/a><\/li><li><a href=\"https:\/\/www.pediatrics.cz\/sekce-a-pracovni-skupiny\/sekce-intenzivni-mediciny\/covid-19\/chinese-expert-consensus-on-the-perinatal-and-neonatal-management-for-the-prevention-and-control-of-the-2019-novel-coronavirus-infection-first-edition\/\">Chinese expert consensus on the perinatal and neonatal management for the prevention and control of the 2019 novel coronavirus infection (First edition)<\/a><\/li><li><a href=\"https:\/\/www.pediatrics.cz\/bezpecne-detstvi-v-digitalnim-svete\/clanky-reakce-na-aktualni-deni\/\">\u010cl\u00e1nky, reakce na aktu\u00e1ln\u00ed d\u011bn\u00ed<\/a><\/li><li><a href=\"https:\/\/www.pediatrics.cz\/sekce-a-pracovni-skupiny\/sekce-intenzivni-mediciny\/clenove-vyboru\/\">\u010clenov\u00e9 v\u00fdboru<\/a><\/li><li><a href=\"https:\/\/www.pediatrics.cz\/clenstvi\/\">\u010clenstv\u00ed<\/a><\/li><li><a href=\"https:\/\/www.pediatrics.cz\/sekce-a-pracovni-skupiny\/sekce-intenzivni-mediciny\/covid-19\/clinical-and-ct-features-in-pediatric-patients-with-covid%e2%80%9019-infection-different-points-from-adult\/\">Clinical and CT features in pediatric patients with COVID\u201019 infection: Different points from adult<\/a><\/li><li><a href=\"https:\/\/www.pediatrics.cz\/en\/about-the-society\/co-operative-organization\/\">Co-operative organization<\/a><\/li><li><a href=\"https:\/\/www.pediatrics.cz\/en\/about-the-society\/contact\/\">Contact<\/a><\/li><li><a href=\"https:\/\/www.pediatrics.cz\/en\/cookies\/\">Cookies<\/a><\/li><li><a href=\"https:\/\/www.pediatrics.cz\/sekce-a-pracovni-skupiny\/sekce-intenzivni-mediciny\/covid-19\/covid-19-pediatricky-doporuceny-postup\/\">COVID 19 &#8211; Pediatrick\u00fd doporu\u010den\u00fd postup<\/a><\/li><li><a href=\"https:\/\/www.pediatrics.cz\/covid-19-2\/\">COVID-19<\/a><\/li><li><a href=\"https:\/\/www.pediatrics.cz\/pro-odborniky\/covid-19\/\">COVID-19<\/a><\/li><li><a href=\"https:\/\/www.pediatrics.cz\/sekce-a-pracovni-skupiny\/sekce-intenzivni-mediciny\/covid-19\/covid-19-in-children-initial-characterization-of-the-pediatric-disease\/\">COVID-19 in Children: Initial Characterization of the Pediatric Disease<\/a><\/li><li><a href=\"https:\/\/www.pediatrics.cz\/sekce-a-pracovni-skupiny\/sekce-nefrologicka\/curriculum\/\">Curriculum<\/a><\/li><li><a href=\"https:\/\/www.pediatrics.cz\/pro-odborniky\/detska-lps\/\">D\u011btsk\u00e1 LPS<\/a><\/li><li><a href=\"https:\/\/www.pediatrics.cz\/pro-odborniky\/detske-kliniky-a-oddeleni-v-cr\/\">D\u011btsk\u00e9 kliniky a&nbsp;odd\u011blen\u00ed v&nbsp;\u010cR<\/a><\/li><li><a href=\"https:\/\/www.pediatrics.cz\/sekce-a-pracovni-skupiny\/sekce-intenzivni-mediciny\/doporucene-postupy\/diagnostika-a-lecba-zivot-ohrozujiciho-krvaceni-zok-u-detskych-pacientu-v-intenzivni-a-perioperacni-peci\/\">Diagnostika a&nbsp;l\u00e9\u010dba \u017eivot ohro\u017euj\u00edc\u00edho krv\u00e1cen\u00ed (\u017dOK) u&nbsp;d\u011btsk\u00fdch pacient\u016f v&nbsp;intenzivn\u00ed a&nbsp;periopera\u010dn\u00ed p\u00e9\u010di<\/a><\/li><li><a href=\"https:\/\/www.pediatrics.cz\/sekce-a-pracovni-skupiny\/sekce-intenzivni-mediciny\/covid-19\/discovering-drugs-to-treat-coronavirus-disease-2019-covid-19\/\">Discovering drugs to treat coronavirus disease 2019 (COVID-19)<\/a><\/li><li><a href=\"https:\/\/www.pediatrics.cz\/sekce-a-pracovni-skupiny\/sekce-nefrologicka\/dokumenty\/\">Dokumenty<\/a><\/li><li><a href=\"https:\/\/www.pediatrics.cz\/dokumenty-ke-stazeni\/\">Dokumenty ke sta\u017een\u00ed<\/a><\/li><li><a href=\"https:\/\/www.pediatrics.cz\/sekce-a-pracovni-skupiny\/sekce-intenzivni-mediciny\/novinky-a-oznameni\/dopis-predsedovi-cps-situace-v-ip-2014\/\">Dopis p\u0159edsedovi \u010cPS &#8211; situace v&nbsp;IP 2014<\/a><\/li><li><a href=\"https:\/\/www.pediatrics.cz\/sekce-a-pracovni-skupiny\/sekce-nefrologicka\/doporucene-postupy\/\">Doporu\u010den\u00e9 postupy<\/a><\/li><li><a href=\"https:\/\/www.pediatrics.cz\/sekce-a-pracovni-skupiny\/sekce-intenzivni-mediciny\/doporucene-postupy-2\/\">Doporu\u010den\u00e9 postupy<\/a><\/li><li><a href=\"https:\/\/www.pediatrics.cz\/pro-odborniky\/doporucene-postupy-guidelines\/doporucene-postupy-ostatni\/\">Doporu\u010den\u00e9 postupy &#8211; ostatn\u00ed<\/a><\/li><li><a href=\"https:\/\/www.pediatrics.cz\/pro-odborniky\/doporucene-postupy-guidelines\/\">Doporu\u010den\u00e9 postupy (guidelines)<\/a><\/li><li><a href=\"https:\/\/www.pediatrics.cz\/pro-odborniky\/doporucene-postupy-guidelines\/doporucene-postupy-cps\/\">Doporu\u010den\u00e9 postupy \u010cPS<\/a><\/li><li><a href=\"https:\/\/www.pediatrics.cz\/bezpecne-detstvi-v-digitalnim-svete\/pro-rodice\/doporucene-webove-stranky\/\">Doporu\u010den\u00e9 webov\u00e9 str\u00e1nky<\/a><\/li><li><a href=\"https:\/\/www.pediatrics.cz\/bezpecne-detstvi-v-digitalnim-svete\/pro-odbornou-verejnost\/doporucene-webove-stranky\/\">Doporu\u010den\u00e9 webov\u00e9 str\u00e1nky<\/a><\/li><li><a href=\"https:\/\/www.pediatrics.cz\/bezpecne-detstvi-v-digitalnim-svete\/pro-pedagogy\/doporucene-webove-stranky-k-tematu\/\">Doporu\u010den\u00e9 webov\u00e9 str\u00e1nky k&nbsp;t\u00e9matu<\/a><\/li><li><a href=\"https:\/\/www.pediatrics.cz\/en\/education\/\">Education<\/a><\/li><li><a href=\"https:\/\/www.pediatrics.cz\/en\/about-the-society\/elections\/\">Elections<\/a><\/li><li><a href=\"https:\/\/www.pediatrics.cz\/en\/section\/endokrinologie\/\">Endocrinology<\/a><\/li><li><a href=\"https:\/\/www.pediatrics.cz\/sekce-a-pracovni-skupiny\/sekce-intenzivni-mediciny\/covid-19\/espnic-news\/\">ESPNIC News<\/a><\/li><li><a href=\"https:\/\/www.pediatrics.cz\/en\/section\/gastroenterologie-a-vyziva\/\">Gastroenterologie a v\u00fd\u017eiva<\/a><\/li><li><a href=\"https:\/\/www.pediatrics.cz\/o-spolecnosti\/gdpr\/\">GDPR<\/a><\/li><li><a href=\"https:\/\/www.pediatrics.cz\/en\/section\/hematology\/\">Hematology<\/a><\/li><li><a href=\"https:\/\/www.pediatrics.cz\/en\/section\/intensive-medicine\/\">Intensive medicine<\/a><\/li><li><a href=\"https:\/\/www.pediatrics.cz\/inzerce\/\">Inzerce<\/a><\/li><li><a href=\"https:\/\/www.pediatrics.cz\/sekce-a-pracovni-skupiny\/sekce-intenzivni-mediciny\/covid-19\/jednostrankovy-covid-19-postup\/\">Jednostr\u00e1nkov\u00fd COVID-19 postup<\/a><\/li><li><a href=\"https:\/\/www.pediatrics.cz\/pediatrie-2023\/sjezdy-a-akce-cps\/\">Kalend\u00e1\u0159 akc\u00ed<\/a><\/li><li><a href=\"https:\/\/www.pediatrics.cz\/bezpecne-detstvi-v-digitalnim-svete\/pro-pedagogy\/ke-stazeni\/\">Ke sta\u017een\u00ed<\/a><\/li><li><a href=\"https:\/\/www.pediatrics.cz\/kongresy\/\">Kongresy<\/a><\/li><li><a href=\"https:\/\/www.pediatrics.cz\/o-spolecnosti\/kontakt\/\">Kontakt<\/a><\/li><li><a href=\"https:\/\/www.pediatrics.cz\/bezpecne-detstvi-v-digitalnim-svete\/pro-odbornou-verejnost\/literatura\/\">Literatura<\/a><\/li><li><a href=\"https:\/\/www.pediatrics.cz\/mapa-stranek\/\">Mapa str\u00e1nek<\/a><\/li><li><a href=\"https:\/\/www.pediatrics.cz\/bezpecne-detstvi-v-digitalnim-svete\/pro-rodice\/ke-stazeni\/\">Materi\u00e1ly ke sta\u017een\u00ed<\/a><\/li><li><a href=\"https:\/\/www.pediatrics.cz\/bezpecne-detstvi-v-digitalnim-svete\/pro-odbornou-verejnost\/materialy-ke-stazeni\/\">Materi\u00e1ly ke sta\u017een\u00ed<\/a><\/li><li><a href=\"https:\/\/www.pediatrics.cz\/en\/professional-events\/meetings-and-events-of-cps\/\">Meetings and events of \u010cPS<\/a><\/li><li><a href=\"https:\/\/www.pediatrics.cz\/bezpecne-detstvi-v-digitalnim-svete\/pro-odbornou-verejnost\/mezinarodni-doporuceni\/\">Mezin\u00e1rodn\u00ed doporu\u010den\u00ed<\/a><\/li><li><a href=\"https:\/\/www.pediatrics.cz\/bezpecne-detstvi-v-digitalnim-svete\/pro-odbornou-verejnost\/narodni-doporuceni-stanoviska-cps-clanky-cps\/\">N\u00e1rodn\u00ed doporu\u010den\u00ed, stanoviska \u010cPS, \u010dl\u00e1nky \u010cPS<\/a><\/li><li><a href=\"https:\/\/www.pediatrics.cz\/en\/section\/nefrology\/\">Nefrology<\/a><\/li><li><a href=\"https:\/\/www.pediatrics.cz\/newsletter-signup\/\">Newsletter<\/a><\/li><li><a href=\"https:\/\/www.pediatrics.cz\/clenstvi\/bulletin\/\">Nov\u00fd bulletin<\/a><\/li><li><a href=\"https:\/\/www.pediatrics.cz\/sekce-pro-rodice-a-pacienty\/o-detskych-nemocech\/\">O&nbsp;d\u011btsk\u00fdch nemocech<\/a><\/li><li><a href=\"https:\/\/www.pediatrics.cz\/o-spolecnosti\/o-nas\/\">O&nbsp;n\u00e1s<\/a><\/li><li><a href=\"https:\/\/www.pediatrics.cz\/o-spolecnosti\/\">O&nbsp;spole\u010dnosti<\/a><\/li><li><a href=\"https:\/\/www.pediatrics.cz\/vzdelavani\/odborna-literatura\/\">Odborn\u00e1 literatura<\/a><\/li><li><a href=\"https:\/\/www.pediatrics.cz\/pro-odborniky\/odborne-casopisy\/\">Odborn\u00e9 \u010dasopisy<\/a><\/li><li><a href=\"https:\/\/www.pediatrics.cz\/pro-odborniky\/odborne-webove-stranky\/\">Odborn\u00e9 webov\u00e9 str\u00e1nky<\/a><\/li><li><a href=\"https:\/\/www.pediatrics.cz\/sekce-a-pracovni-skupiny\/sekce-nefrologicka\/odkazy\/\">Odkazy<\/a><\/li><li><a href=\"https:\/\/www.pediatrics.cz\/o-spolecnosti\/partneri\/\">Partne\u0159i<\/a><\/li><li><a href=\"https:\/\/www.pediatrics.cz\/en\/about-the-society\/partners\/\">Partners<\/a><\/li><li><a href=\"https:\/\/www.pediatrics.cz\/en\/professional-events\/past-events\/\">Past events<\/a><\/li><li><a href=\"https:\/\/www.pediatrics.cz\/pediatricke-kazuistiky-online\/\">Pediatrick\u00e9 kazuistiky online<\/a><\/li><li><a href=\"https:\/\/www.pediatrics.cz\/podminky-ochrany-osobnich-udaju\/\">Podm\u00ednky ochrany osobn\u00edch \u00fadaj\u016f<\/a><\/li><li><a href=\"https:\/\/www.pediatrics.cz\/podminky-uziti-a-zasady-ochrany-osobnich-udaju\/\">Podm\u00ednky u\u017eit\u00ed a&nbsp;z\u00e1sady ochrany osobn\u00edch \u00fadaj\u016f<\/a><\/li><li><a href=\"https:\/\/www.pediatrics.cz\/clenstvi\/podpora-vzdelavani\/\">Podpora vzd\u011bl\u00e1v\u00e1n\u00ed<\/a><\/li><li><a href=\"https:\/\/www.pediatrics.cz\/politika-cookies\/\">Politika Cookies<\/a><\/li><li><a href=\"https:\/\/www.pediatrics.cz\/sekce-a-pracovni-skupiny\/sekce-intenzivni-mediciny\/doporucene-postupy\/postup-pri-vyhledavani-detskych-pacientu-v-septickem-soku\/\">Postup p\u0159i vyhled\u00e1v\u00e1n\u00ed d\u011btsk\u00fdch pacient\u016f v&nbsp;septick\u00e9m \u0161oku<\/a><\/li><li><a href=\"https:\/\/www.pediatrics.cz\/potvrzeni-odeslani-prihlasky\/\">Potvrzen\u00ed odesl\u00e1n\u00ed p\u0159ihl\u00e1\u0161ky<\/a><\/li><li><a href=\"https:\/\/www.pediatrics.cz\/sekce-a-pracovni-skupiny\/pece-o-chronicky-nemocne-deti-pracovni-skupina\/\">Pracovn\u00ed skupina pro p\u00e9\u010di o&nbsp;chronicky nemocn\u00e9 d\u011bti ve \u0161kol\u00e1ch<\/a><\/li><li><a href=\"https:\/\/www.pediatrics.cz\/en\/section\/prevence-aterosklerozy\/\">Prevention of atherosclerosis<\/a><\/li><li><a href=\"https:\/\/www.pediatrics.cz\/prihlaska-do-spolecnosti\/\">P\u0159ihl\u00e1\u0161ka do spole\u010dnosti<\/a><\/li><li><a href=\"https:\/\/www.pediatrics.cz\/en\/privacy-policy\/\">Privacy Policy<\/a><\/li><li><a href=\"https:\/\/www.pediatrics.cz\/pro-odborniky\/\">Pro odborn\u00edky<\/a><\/li><li><a href=\"https:\/\/www.pediatrics.cz\/bezpecne-detstvi-v-digitalnim-svete\/pro-odbornou-verejnost\/\">Pro odbornou ve\u0159ejnost<\/a><\/li><li><a href=\"https:\/\/www.pediatrics.cz\/bezpecne-detstvi-v-digitalnim-svete\/pro-pedagogy\/\">Pro pedagogy<\/a><\/li><li><a href=\"https:\/\/www.pediatrics.cz\/bezpecne-detstvi-v-digitalnim-svete\/pro-rodice\/\">Pro rodi\u010de<\/a><\/li><li><a href=\"https:\/\/www.pediatrics.cz\/en\/professional-events\/\">Professional events<\/a><\/li><li><a href=\"https:\/\/www.pediatrics.cz\/bezpecne-detstvi-v-digitalnim-svete\/pro-rodice\/pruzkumy\/\">Pr\u016fzkumy<\/a><\/li><li><a href=\"https:\/\/www.pediatrics.cz\/bezpecne-detstvi-v-digitalnim-svete\/pro-pedagogy\/pruzkumy\/\">Pr\u016fzkumy<\/a><\/li><li><a href=\"https:\/\/www.pediatrics.cz\/bezpecne-detstvi-v-digitalnim-svete\/pro-odbornou-verejnost\/pruzkumy-souhrnne-a-tiskove-zpravy\/\">Pr\u016fzkumy, souhrnn\u00e9 a&nbsp;tiskov\u00e9 zpr\u00e1vy<\/a><\/li><li><a href=\"https:\/\/www.pediatrics.cz\/en\/about-the-society\/records-of-board-sessions\/\">Records of  board sessions<\/a><\/li><li><a href=\"https:\/\/www.pediatrics.cz\/clenstvi\/registrace\/\">Registrace nov\u00e9ho \u010dlena<\/a><\/li><li><a href=\"https:\/\/www.pediatrics.cz\/en\/section\/revmatology\/\">Revmatology<\/a><\/li><li><a href=\"https:\/\/www.pediatrics.cz\/sekce-a-pracovni-skupiny\/sekce-intenzivni-mediciny\/covid-19\/sars-cov-2-infection\/\">SARS-CoV-2 infection<\/a><\/li><li><a href=\"https:\/\/www.pediatrics.cz\/sekce-a-pracovni-skupiny\/sekce-intenzivni-mediciny\/covid-19\/sars-cov-2-infection-in-children\/\">SARS-CoV-2 Infection in Children<\/a><\/li><li><a href=\"https:\/\/www.pediatrics.cz\/sekce-a-pracovni-skupiny\/sekce-intenzivni-mediciny\/schuze-vyboru-simcps\/\">Sch\u016fze v\u00fdboru SIMCPS<\/a><\/li><li><a href=\"https:\/\/www.pediatrics.cz\/pro-odborniky\/screening-sluchu\/\">Screening sluchu<\/a><\/li><li><a href=\"https:\/\/www.pediatrics.cz\/en\/section\/\">Section<\/a><\/li><li><a href=\"https:\/\/www.pediatrics.cz\/sekce-a-pracovni-skupiny\/\">Sekce a&nbsp;pracovn\u00ed skupiny<\/a><\/li><li><a href=\"https:\/\/www.pediatrics.cz\/sekce-a-pracovni-skupiny\/sekce-endokrinologie\/\">Sekce d\u011btsk\u00e9 endokrinologie (35010)<\/a><\/li><li><a href=\"https:\/\/www.pediatrics.cz\/sekce-a-pracovni-skupiny\/sekce-hematologie\/\">Sekce d\u011btsk\u00e9 hematologie (35007)<\/a><\/li><li><a href=\"https:\/\/www.pediatrics.cz\/sekce-a-pracovni-skupiny\/sekce-detske-infektologie-a-ockovani-35017\/\">Sekce d\u011btsk\u00e9 infektologie a&nbsp;o\u010dkov\u00e1n\u00ed (35017)<\/a><\/li><li><a href=\"https:\/\/www.pediatrics.cz\/sekce-a-pracovni-skupiny\/sekce-nefrologicka\/\">Sekce d\u011btsk\u00e9 nefrologie (35001)<\/a><\/li><li><a href=\"https:\/\/www.pediatrics.cz\/sekce-a-pracovni-skupiny\/sekce-detske-obezitologie-cps-35015\/\">Sekce d\u011btsk\u00e9 obezitologie \u010cPS (35015)<\/a><\/li><li><a href=\"https:\/\/www.pediatrics.cz\/sekce-a-pracovni-skupiny\/paliativni_medicina\/\">Sekce d\u011btsk\u00e9 paliativn\u00ed medic\u00edny \u010cPS (35013)<\/a><\/li><li><a href=\"https:\/\/www.pediatrics.cz\/sekce-a-pracovni-skupiny\/sekce-revmatologie\/\">Sekce d\u011btsk\u00e9 revmatologie \u010cPS (35004)<\/a><\/li><li><a href=\"https:\/\/www.pediatrics.cz\/sekce-a-pracovni-skupiny\/sekce-pro-detskou-gastroenterologie-a-vyzivu\/\">Sekce gastroenterologie, hepatologie a&nbsp;v\u00fd\u017eivy \u010cPS (35002)<\/a><\/li><li><a href=\"https:\/\/www.pediatrics.cz\/sekce-a-pracovni-skupiny\/sekce-intenzivni-mediciny\/\">Sekce intenzivn\u00ed p\u00e9\u010de (35003)<\/a><\/li><li><a href=\"https:\/\/www.pediatrics.cz\/sekce-a-pracovni-skupiny\/sekce-mladych-pediatru-35014\/\">Sekce mlad\u00fdch pediatr\u016f (35014)<\/a><\/li><li><a href=\"https:\/\/www.pediatrics.cz\/sekce-pro-rodice-a-pacienty\/\">Sekce pro rodi\u010de a&nbsp;pacienty<\/a><\/li><li><a href=\"https:\/\/www.pediatrics.cz\/sekce-a-pracovni-skupiny\/sekce-sester-cps-35016\/\">Sekce sester \u010cPS (35016)<\/a><\/li><li><a href=\"https:\/\/www.pediatrics.cz\/bezpecne-detstvi-v-digitalnim-svete\/pro-rodice\/slovnik-pojmu\/\">Slovn\u00edk pojm\u016f<\/a><\/li><li><a href=\"https:\/\/www.pediatrics.cz\/bezpecne-detstvi-v-digitalnim-svete\/pro-odbornou-verejnost\/slovnik-pojmu\/\">Slovn\u00edk pojm\u016f<\/a><\/li><li><a href=\"https:\/\/www.pediatrics.cz\/vzdelavani\/specializacni-vzdelavani\/\">Specializa\u010dn\u00ed vzd\u011bl\u00e1v\u00e1n\u00ed<\/a><\/li><li><a href=\"https:\/\/www.pediatrics.cz\/en\/education\/specialized-literature\/\">Specialized literature<\/a><\/li><li><a href=\"https:\/\/www.pediatrics.cz\/sekce-a-pracovni-skupiny\/sekce-intenzivni-mediciny\/covid-19\/specificka-lecba-dospelych-pacientu-s-infekci-covid-19\/\">Specifick\u00e1 l\u00e9\u010dba dosp\u011bl\u00fdch pacient\u016f s&nbsp;infekc\u00ed COVID-19<\/a><\/li><li><a href=\"https:\/\/www.pediatrics.cz\/pro-odborniky\/stanoviska-cps-a-doporuceni\/\">Stanoviska \u010cPS<\/a><\/li><li><a href=\"https:\/\/www.pediatrics.cz\/o-spolecnosti\/stanovy\/\">Stanovy a&nbsp;vnit\u0159n\u00ed p\u0159edpisy<\/a><\/li><li><a href=\"https:\/\/www.pediatrics.cz\/en\/about-the-society\/statutes\/\">Statutes<\/a><\/li><li><a href=\"https:\/\/www.pediatrics.cz\/sekce-a-pracovni-skupiny\/sekce-intenzivni-mediciny\/covid-19\/systematic-review-of-covid-19-in-children-shows-milder-cases-and-a-better-prognosis-than-adults\/\">Systematic review of COVID-19 in children shows milder cases and a&nbsp;better prognosis than adults<\/a><\/li><li><a href=\"https:\/\/www.pediatrics.cz\/sekce-a-pracovni-skupiny\/sekce-intenzivni-mediciny\/covid-19\/temporal-changes-of-ct-findings-in-90-patients-with-covid-19-pneumonia-a-longitudinal-study\/\">Temporal Changes of CT Findings in 90 Patients with COVID-19 Pneumonia: A&nbsp;Longitudinal Study<\/a><\/li><li><a href=\"https:\/\/www.pediatrics.cz\/en\/the-journal-of-cp\/\">The journal of \u010cP<\/a><\/li><li><a href=\"https:\/\/www.pediatrics.cz\/bezpecne-detstvi-v-digitalnim-svete\/pro-pedagogy\/tiskove-zpravy-reakce-na-aktualni-deni\/\">Tiskov\u00e9 zpr\u00e1vy, reakce na aktu\u00e1ln\u00ed d\u011bn\u00ed<\/a><\/li><li><a href=\"https:\/\/www.pediatrics.cz\/en\/section\/vaccination\/\">Vaccination<\/a><\/li><li><a href=\"https:\/\/www.pediatrics.cz\/bezpecne-detstvi-v-digitalnim-svete\/videa-podcasty-rozhovory\/\">Videa, podcasty, rozhovory<\/a><\/li><li><a href=\"https:\/\/www.pediatrics.cz\/o-spolecnosti\/volby\/\">Volby 2020<\/a><\/li><li><a href=\"https:\/\/www.pediatrics.cz\/o-spolecnosti\/volby-2024\/\">Volby 2024<\/a><\/li><li><a href=\"https:\/\/www.pediatrics.cz\/o-spolecnosti\/vybor\/\">V\u00fdbor<\/a><\/li><li><a href=\"https:\/\/www.pediatrics.cz\/sekce-pro-rodice-a-pacienty\/vybrane-nadace-a-sdruzeni-pusobici-v-cr\/\">Vybran\u00e9 nadace a&nbsp;sdru\u017een\u00ed p\u016fsob\u00edc\u00ed v&nbsp;\u010cR<\/a><\/li><li><a href=\"https:\/\/www.pediatrics.cz\/vzdelavani\/vzdelavaci-program\/\">Vzd\u011bl\u00e1vac\u00ed program<\/a><\/li><li><a href=\"https:\/\/www.pediatrics.cz\/sekce-a-pracovni-skupiny\/sekce-intenzivni-mediciny\/novinky-a-oznameni\/vzdelavaci-program-v-nastavbovem-oboru-detska-intenzivni-pece\/\">Vzd\u011bl\u00e1vac\u00ed program v&nbsp;n\u00e1stavbov\u00e9m oboru D\u011btsk\u00e1 intenzivn\u00ed p\u00e9\u010de<\/a><\/li><li><a href=\"https:\/\/www.pediatrics.cz\/vzdelavani\/\">Vzd\u011bl\u00e1v\u00e1n\u00ed<\/a><\/li><li><a href=\"https:\/\/www.pediatrics.cz\/pediatrie-2023\/\">XX. PEDIATRICK\u00dd KONGRES<\/a><\/li><li><a href=\"https:\/\/www.pediatrics.cz\/o-spolecnosti\/zapis-z-jednani-vyboru-cps\/\">Z\u00e1pis z&nbsp;jedn\u00e1n\u00ed v\u00fdboru \u010cPS<\/a><\/li><li><a href=\"https:\/\/www.pediatrics.cz\/sekce-a-pracovni-skupiny\/sekce-intenzivni-mediciny\/zapisy-z-jednani\/\">Z\u00e1pisy z&nbsp;jedn\u00e1n\u00ed<\/a><\/li><li><a href=\"https:\/\/www.pediatrics.cz\/sekce-a-pracovni-skupiny\/sekce-detske-obezitologie-cps-35015\/zapisy-z-jednani\/\">Z\u00e1pisy z&nbsp;jedn\u00e1n\u00ed<\/a><\/li><li><a href=\"https:\/\/www.pediatrics.cz\/sekce-a-pracovni-skupiny\/sekce-mladych-pediatru-35014\/zaznamy\/\">Z\u00e1znamy<\/a><\/li><li><a href=\"https:\/\/www.pediatrics.cz\/sekce-pro-rodice-a-pacienty\/zdravotnicke-portaly\/\">Zdravotnick\u00e9 port\u00e1ly<\/a><\/li><\/ul><\/div>\n<\/div>\n","protected":false},"excerpt":{"rendered":"","protected":false},"author":2,"featured_media":0,"parent":0,"menu_order":113,"comment_status":"closed","ping_status":"closed","template":"template-page-without-all.php","meta":{"_acf_changed":false,"kia_subtitle":"","footnotes":""},"class_list":["post-29","page","type-page","status-publish","hentry"],"acf":[],"lang":"cs","translations":{"cs":29},"pll_sync_post":[],"_links":{"self":[{"href":"https:\/\/www.pediatrics.cz\/api\/wp\/v2\/pages\/29","targetHints":{"allow":["GET"]}}],"collection":[{"href":"https:\/\/www.pediatrics.cz\/api\/wp\/v2\/pages"}],"about":[{"href":"https:\/\/www.pediatrics.cz\/api\/wp\/v2\/types\/page"}],"author":[{"embeddable":true,"href":"https:\/\/www.pediatrics.cz\/api\/wp\/v2\/users\/2"}],"replies":[{"embeddable":true,"href":"https:\/\/www.pediatrics.cz\/api\/wp\/v2\/comments?post=29"}],"version-history":[{"count":0,"href":"https:\/\/www.pediatrics.cz\/api\/wp\/v2\/pages\/29\/revisions"}],"wp:attachment":[{"href":"https:\/\/www.pediatrics.cz\/api\/wp\/v2\/media?parent=29"}],"curies":[{"name":"wp","href":"https:\/\/api.w.org\/{rel}","templated":true}]}}